{"id":29840,"date":"2013-03-26T10:39:47","date_gmt":"2013-03-26T09:39:47","guid":{"rendered":"https:\/\/www.aslroma5.info\/new2021\/faq\/"},"modified":"2022-06-30T14:18:47","modified_gmt":"2022-06-30T12:18:47","slug":"faq-domande-frequenti","status":"publish","type":"page","link":"https:\/\/www.aslroma5.it\/faq-domande-frequenti\/","title":{"rendered":"FAQ &#8211; Domande frequenti"},"content":{"rendered":"\t\t<div data-elementor-type=\"wp-page\" data-elementor-id=\"29840\" class=\"elementor elementor-29840\" data-elementor-post-type=\"page\">\n\t\t\t\t\t\t<section class=\"elementor-section elementor-top-section elementor-element elementor-element-6c9ad9f2 elementor-section-boxed elementor-section-height-default elementor-section-height-default\" data-id=\"6c9ad9f2\" data-element_type=\"section\">\n\t\t\t\t\t\t<div class=\"elementor-container elementor-column-gap-default\">\n\t\t\t\t\t<div class=\"elementor-column elementor-col-100 elementor-top-column elementor-element elementor-element-79ad07c3\" data-id=\"79ad07c3\" data-element_type=\"column\">\n\t\t\t<div class=\"elementor-widget-wrap elementor-element-populated\">\n\t\t\t\t\t\t<div class=\"elementor-element elementor-element-a9b7552 elementor-widget elementor-widget-text-editor\" data-id=\"a9b7552\" data-element_type=\"widget\" data-widget_type=\"text-editor.default\">\n\t\t\t\t<div class=\"elementor-widget-container\">\n\t\t\t\t\t\t\t\t\t<p>In questa pagina potete trovare, raccolte in sezioni e sottosezioni, le <strong>domande poste frequentemente<\/strong> agli Uffici URP centrali e periferici, ai diversi servizi della nostra azienda e, naturalmente, quelle inoltrate in modo ricorrente via e-mail.<\/p>\t\t\t\t\t\t\t\t<\/div>\n\t\t\t\t<\/div>\n\t\t\t\t<div class=\"elementor-element elementor-element-ee4439f elementor-widget elementor-widget-the7-accordion\" data-id=\"ee4439f\" data-element_type=\"widget\" data-widget_type=\"the7-accordion.default\">\n\t\t\t\t<div class=\"elementor-widget-container\">\n\t\t\t\t\t\t\t<div class=\"elementor-accordion the7-adv-accordion\" data-accordion-type=\"accordion\" role=\"tablist\">\n\t\t\t\t\t\t\t<div class=\"elementor-accordion-item\">\n\t\t\t\t\t<h4 id=\"elementor-tab-title-2491\" class=\"elementor-tab-title the7-accordion-header deactive-default\" data-tab=\"1\" role=\"tab\" aria-controls=\"elementor-tab-content-2491\">\n\n\t\t\t\t\t\t\t\t\t\t\t\t\t<span class=\"elementor-accordion-icon elementor-accordion-icon-left\" aria-hidden=\"true\">\n\t\t\t\t\t\t\t\t\t\t\t\t\t\t\t<span class=\"elementor-accordion-icon-closed\"><i class=\"fas fa-caret-down\"><\/i><\/span>\n\t\t\t\t\t\t\t\t\t\t\t\t\t\t\t\t\t<span class=\"elementor-accordion-icon-opened\"><i class=\"fas fa-caret-up\"><\/i><\/span>\n\t\t\t\t\t\t\t\t\t\t\t\t\t\t\t\t\t\t\t\t\t\t<\/span>\n\t\t\t\t\t\t\t\t\t\t\t\t\t\t\t\t\t\t<a class=\"elementor-accordion-title\" href=\"\">Come \u00e8 possibile fare per avere il riconoscimento dell\u2019invalidit\u00e0 civile?<\/a>\n\t\t\t\t\t<\/h4>\n\t\t\t\t\t<div id=\"elementor-tab-content-2491\" class=\"elementor-tab-content elementor-clearfix deactive-default\" data-tab=\"1\" role=\"tabpanel\" aria-labelledby=\"elementor-tab-title-2491\"><p>Si informa l\u2019utenza che con la Legge n\u00b0 102\/2009 \u00e8 stata emanata una nuova disciplina sull\u2019invalidit\u00e0 civile che prevede tra l\u2019altro, a partire dal 2010, l\u2019applicazione di una nuova procedura per la presentazione delle domande che saranno indirizzate direttamente all\u2019INPS.<\/p><\/div>\n\t\t\t\t<\/div>\n\t\t\t\t\t\t\t<div class=\"elementor-accordion-item\">\n\t\t\t\t\t<h4 id=\"elementor-tab-title-2492\" class=\"elementor-tab-title the7-accordion-header\" data-tab=\"2\" role=\"tab\" aria-controls=\"elementor-tab-content-2492\">\n\n\t\t\t\t\t\t\t\t\t\t\t\t\t<span class=\"elementor-accordion-icon elementor-accordion-icon-left\" aria-hidden=\"true\">\n\t\t\t\t\t\t\t\t\t\t\t\t\t\t\t<span class=\"elementor-accordion-icon-closed\"><i class=\"fas fa-caret-down\"><\/i><\/span>\n\t\t\t\t\t\t\t\t\t\t\t\t\t\t\t\t\t<span class=\"elementor-accordion-icon-opened\"><i class=\"fas fa-caret-up\"><\/i><\/span>\n\t\t\t\t\t\t\t\t\t\t\t\t\t\t\t\t\t\t\t\t\t\t<\/span>\n\t\t\t\t\t\t\t\t\t\t\t\t\t\t\t\t\t\t<a class=\"elementor-accordion-title\" href=\"\">Come si pu\u00f2 avere l\u2019assistenza sanitaria temporanea quando si \u00e8 momentaneamente domiciliati presso una Regione diversa da quella di residenza?<\/a>\n\t\t\t\t\t<\/h4>\n\t\t\t\t\t<div id=\"elementor-tab-content-2492\" class=\"elementor-tab-content elementor-clearfix\" data-tab=\"2\" role=\"tabpanel\" aria-labelledby=\"elementor-tab-title-2492\"><p>Il cittadino pu\u00f2 scegliere il Medico di Medicina Generale e\/o Pediatra di Libera Scelta pur essendo residente in altra Regione purch\u00e9 la durata del trasferimento sia pari o superiore ai tre mesi e sia riconducibile ad una delle seguenti motivazioni:<\/p><ul><li>lavoro<\/li><li>salute<\/li><li>studio.<\/li><\/ul><p>L&#8217;iscrizione temporanea (che pu\u00f2 avere una durata dai 3 mesi ad 1 anno, rinnovabile) a favore dei cittadini domiciliati oltre che nei casi appena riportati pu\u00f2 essere estesa:<\/p><ul><li>ai familiari a carico del richiedente<\/li><li>ai minori in affido o in attesa di adozione<\/li><li>agli ospiti di comunit\u00e0 protette<\/li><li>ai cittadini a partire dal compimento del 75\u00b0 anno di et\u00e0.<\/li><\/ul><p>La richiesta va presentata al Servizio Medicina di Base del Distretto Sanitario competente per il Comune dove si \u00e8 temporaneamente domiciliati.<\/p><p>Al momento della richiesta l\u2019utente dovr\u00e0 presentare la seguente documentazione:<\/p><ol><li style=\"list-style-type: lower-alpha;\">autocertificazione di residenza temporanea<\/li><li style=\"list-style-type: lower-alpha;\">tessera sanitaria<\/li><li style=\"list-style-type: lower-alpha;\">documento riconoscimento<\/li><li style=\"list-style-type: lower-alpha;\">tesserino \/ libretto del medico curante<\/li><li style=\"list-style-type: lower-alpha;\">secondo la motivazione della scelta temporanea:<ul><li>dichiarazione datore di lavoro<\/li><li>certificazione del Medico di accettazione presa in carico del paziente per motivi di salute<\/li><li>dichiarazione Universit\u00e0, Scuola, Convitto etc.<\/li><\/ul><\/li><\/ol><p>Riferimenti normativi: Circolare del Ministero della Sanit\u00e0 11 maggio 1984, n. 1000.116<\/p><\/div>\n\t\t\t\t<\/div>\n\t\t\t\t\t\t\t<div class=\"elementor-accordion-item\">\n\t\t\t\t\t<h4 id=\"elementor-tab-title-2493\" class=\"elementor-tab-title the7-accordion-header\" data-tab=\"3\" role=\"tab\" aria-controls=\"elementor-tab-content-2493\">\n\n\t\t\t\t\t\t\t\t\t\t\t\t\t<span class=\"elementor-accordion-icon elementor-accordion-icon-left\" aria-hidden=\"true\">\n\t\t\t\t\t\t\t\t\t\t\t\t\t\t\t<span class=\"elementor-accordion-icon-closed\"><i class=\"fas fa-caret-down\"><\/i><\/span>\n\t\t\t\t\t\t\t\t\t\t\t\t\t\t\t\t\t<span class=\"elementor-accordion-icon-opened\"><i class=\"fas fa-caret-up\"><\/i><\/span>\n\t\t\t\t\t\t\t\t\t\t\t\t\t\t\t\t\t\t\t\t\t\t<\/span>\n\t\t\t\t\t\t\t\t\t\t\t\t\t\t\t\t\t\t<a class=\"elementor-accordion-title\" href=\"\">Come posso prenotare visite specialistiche e\/o esami diagnostici?<\/a>\n\t\t\t\t\t<\/h4>\n\t\t\t\t\t<div id=\"elementor-tab-content-2493\" class=\"elementor-tab-content elementor-clearfix\" data-tab=\"3\" role=\"tabpanel\" aria-labelledby=\"elementor-tab-title-2493\"><p>Per prenotare prestazioni sanitarie \u00e8 possibile accedere al servizio del ReCUP della Regione Lazio chiamando il numero 06.99.39, metodo comodo e veloce che consente di prenotare l\u2019esame o la visita presso tutti i servizi ambulatoriali della Asl Roma 5 ma anche presso tutte le altre Aziende Ospedaliere e negli ambulatori delle Aziende Sanitarie Locali del territorio della Regione Lazio, riducendo cos\u00ec ove possibile i tempi di attesa.<\/p><p>Per prenotare \u00e8 sufficiente chiamare il numero, attivo dal luned\u00ec al venerd\u00ec dalle 7.30 alle 19.30 ed il sabato dalle 7.30 alle 13.00, muniti di richiesta medica e tessera sanitaria o codice fiscale.<\/p><p>L\u2019operatore, fornir\u00e0 tutte le informazioni circa i giorni e gli orari di apertura degli sportelli CUP della struttura presso cui \u00e8 stata prenotato l\u2019esame o la visita, e si occuper\u00e0 anche di inviare al domicilio, tramite posta, la conferma della prenotazione effettuata.<\/p><p>Attraverso il servizio possono altres\u00ec essere modificati e\/o annullati appuntamenti gi\u00e0 fissati. In particolare si sottolinea che, annullando un appuntamento di cui non si necessit\u00e0 pi\u00f9, consente di lasciare ad altri la possibilit\u00e0 di effettuare la prestazione.<\/p><p>Si possono prenotare anche prestazioni sanitarie in libera professione.<\/p><p>Per prenotare attraverso uno degli sportelli CUP (Centro Unico di Prenotazione) della Asl Roma 5 o per regolarizzare un appuntamento gi\u00e0 preso attraverso il ReCup rimandiamo alle sedi e gli orari di apertura.<\/p><\/div>\n\t\t\t\t<\/div>\n\t\t\t\t\t\t\t<div class=\"elementor-accordion-item\">\n\t\t\t\t\t<h4 id=\"elementor-tab-title-2494\" class=\"elementor-tab-title the7-accordion-header\" data-tab=\"4\" role=\"tab\" aria-controls=\"elementor-tab-content-2494\">\n\n\t\t\t\t\t\t\t\t\t\t\t\t\t<span class=\"elementor-accordion-icon elementor-accordion-icon-left\" aria-hidden=\"true\">\n\t\t\t\t\t\t\t\t\t\t\t\t\t\t\t<span class=\"elementor-accordion-icon-closed\"><i class=\"fas fa-caret-down\"><\/i><\/span>\n\t\t\t\t\t\t\t\t\t\t\t\t\t\t\t\t\t<span class=\"elementor-accordion-icon-opened\"><i class=\"fas fa-caret-up\"><\/i><\/span>\n\t\t\t\t\t\t\t\t\t\t\t\t\t\t\t\t\t\t\t\t\t\t<\/span>\n\t\t\t\t\t\t\t\t\t\t\t\t\t\t\t\t\t\t<a class=\"elementor-accordion-title\" href=\"\">Come posso scegliere un medico di medicina generale o pediatra di libera scelta in un comune diverso dal quello della propria residenza?<\/a>\n\t\t\t\t\t<\/h4>\n\t\t\t\t\t<div id=\"elementor-tab-content-2494\" class=\"elementor-tab-content elementor-clearfix\" data-tab=\"4\" role=\"tabpanel\" aria-labelledby=\"elementor-tab-title-2494\"><p>Si pu\u00f2 presentare una domanda di scelta in deroga del medico di medicina generale o del pediatra di libera scelta.<\/p><p>Il modulo pu\u00f2 essere scaricato dal questo sito nella sezione <a href=\"https:\/\/www.aslroma5.it\/modulistica\/\" title=\"Modulistica\">Modulistica<\/a>, oppure ritirato presso gli sportelli dei servizi di medicina di base, deve essere compilato in parte dal richiedente, ed in parte dal medico di medicina generale e\/o il pediatra di libera scelta per la dichiarazione di consenso ad assistere il paziente.<\/p><p>La domanda cosi redatta va consegnata allo sportello della medicina di base competente per il comune di residenza, che la trasmetter\u00e0 per la valutazione al Comitato Aziendale Permanente (come previsto dall\u2019A.C.N. per la disciplina dei rapporti con i Medici di Medicina Generale attualmente vigente).<\/p><p>L\u2019 esito della valutazione da parte del Comitato, viene inviata alla Direzione del Distretto di riferimento che provveder\u00e0 ad informare l&#8217;utente sull&#8217;accoglimento, l&#8217;invito a riformulare la domanda o il rigetto della stessa.<\/p><\/div>\n\t\t\t\t<\/div>\n\t\t\t\t\t\t\t<div class=\"elementor-accordion-item\">\n\t\t\t\t\t<h4 id=\"elementor-tab-title-2495\" class=\"elementor-tab-title the7-accordion-header\" data-tab=\"5\" role=\"tab\" aria-controls=\"elementor-tab-content-2495\">\n\n\t\t\t\t\t\t\t\t\t\t\t\t\t<span class=\"elementor-accordion-icon elementor-accordion-icon-left\" aria-hidden=\"true\">\n\t\t\t\t\t\t\t\t\t\t\t\t\t\t\t<span class=\"elementor-accordion-icon-closed\"><i class=\"fas fa-caret-down\"><\/i><\/span>\n\t\t\t\t\t\t\t\t\t\t\t\t\t\t\t\t\t<span class=\"elementor-accordion-icon-opened\"><i class=\"fas fa-caret-up\"><\/i><\/span>\n\t\t\t\t\t\t\t\t\t\t\t\t\t\t\t\t\t\t\t\t\t\t<\/span>\n\t\t\t\t\t\t\t\t\t\t\t\t\t\t\t\t\t\t<a class=\"elementor-accordion-title\" href=\"\">Come si accede alla Guardia Medica?<\/a>\n\t\t\t\t\t<\/h4>\n\t\t\t\t\t<div id=\"elementor-tab-content-2495\" class=\"elementor-tab-content elementor-clearfix\" data-tab=\"5\" role=\"tabpanel\" aria-labelledby=\"elementor-tab-title-2495\"><p>Servizio di continuit\u00e0 assistenziale (<strong>Guardia Medica<\/strong>), che garantisce l\u2019assistenza medica di base per <strong>situazioni che rivestono carattere di urgenza<\/strong> e che si verificano durante le ore notturne dei giorni feriali e nei giorni prefestivi e festivi, (ossia in quei giorni e in quegli orari in cui il medico di medicina di base ed il pediatra di libera scelta non esercitano l\u2019attivit\u00e0 con il seguente orario:<\/p><ul><li>dalle ore 20.00 alle ore 8.00 i giorni feriali<\/li><li>dalle ore 8.00 dei giorni festivi alle ore 8.00 del giorno successivo<\/li><li>dalle ore 10,00 del sabato o di altro giorno prefestivo alle ore 8,00 del giorno successivo.<\/li><\/ul><p>Per attivare il servizio rivolgersi ai seguenti numeri telefonici: tel. 06.585 268 11<\/p><p>L\u2019accesso \u00e8 diretto. Il medico di continuit\u00e0 assistenziale ha il compito di intervenire al pi\u00f9 presto su richiesta diretta dell\u2019assistito e\/o della centrale operativa.<\/p><p>Il servizio garantisce le attivit\u00e0 assistenziali territoriali <strong>non differibili<\/strong> (urgenti) ed eroga le seguenti prestazioni:<\/p><ul><li>visite domiciliari, consulti telefonici<\/li><li>prescrizione farmaci per terapie urgenti<\/li><li>compilazione di richieste di ricovero.<\/li><\/ul><p>Il servizio \u00e8 indirizzato a tutta la popolazione, di ogni fascia di et\u00e0.<\/p><p>Per maggiore chiarezza elenchiamo di seguito i sei Distretti della Asl Roma 5 evidenziando per ciascuno i comuni afferenti:<\/p><p><strong>Distretto Sanitario di Tivoli<\/strong> \u2013 Comuni afferenti: Tivoli, Casape, Castel Madama, Cerreto Laziale, Ciciliano, Cineto romano, Gerano, Licenza, Mandela, Percile, Pisoniano, Poli, Roccagiovine, Sambuci, S.Gregorio da Sassola, S.Polo dei Cavalieri, Saracinesco, Vicovaro<\/p><p><strong>Distretto Sanitario di Guidonia<\/strong> \u2013 Comuni afferenti: Guidonia, Marcellina, Monteflavio, Montelibretti, Montorio R., Moricone, Nerola, Palombara Sabina, S.Angelo Romano<\/p><p><strong>Distretto di Monterotondo<\/strong> \u2013 Comuni afferenti: Monterotondo, Mentana, Fontenuova<\/p><p><strong>Distretto di Subiaco<\/strong> \u2013 Comuni afferenti: Subiaco, Affile, Agosta, Anticoli C., Arcinazzo R., Arsoli, Bellegra, Camerata N., Canterano, cervara di roma, Jenne, Marano Equo, Olevano R., Riofreddo, Rocca Canterano, Rocca S.Stefano, Roiate, Roviano, Vallepietra, Vallinfreda, Vivaro<\/p><p><strong>Distretto di Palestrina<\/strong> \u2013 Comuni afferenti: Palestrina, Capranica Prenestina, Castel S.Pietro, Cave, Gallicano, Genazzano, Rocca di Cave, S.Cesareo, S.Vito Romano, Zagarolo<\/p><p><strong>Distretto di Colleferro<\/strong> \u2013 Comuni afferenti: Colleferro, Artena, Carpineto R., Gavigano, Gorga, Labico, Montelanico, Segni, Valmontone<\/p><\/div>\n\t\t\t\t<\/div>\n\t\t\t\t\t\t\t<div class=\"elementor-accordion-item\">\n\t\t\t\t\t<h4 id=\"elementor-tab-title-2496\" class=\"elementor-tab-title the7-accordion-header\" data-tab=\"6\" role=\"tab\" aria-controls=\"elementor-tab-content-2496\">\n\n\t\t\t\t\t\t\t\t\t\t\t\t\t<span class=\"elementor-accordion-icon elementor-accordion-icon-left\" aria-hidden=\"true\">\n\t\t\t\t\t\t\t\t\t\t\t\t\t\t\t<span class=\"elementor-accordion-icon-closed\"><i class=\"fas fa-caret-down\"><\/i><\/span>\n\t\t\t\t\t\t\t\t\t\t\t\t\t\t\t\t\t<span class=\"elementor-accordion-icon-opened\"><i class=\"fas fa-caret-up\"><\/i><\/span>\n\t\t\t\t\t\t\t\t\t\t\t\t\t\t\t\t\t\t\t\t\t\t<\/span>\n\t\t\t\t\t\t\t\t\t\t\t\t\t\t\t\t\t\t<a class=\"elementor-accordion-title\" href=\"\">Come \u00e8 possibile avere l\u2019Assistenza Protesica ed Integrativa?<\/a>\n\t\t\t\t\t<\/h4>\n\t\t\t\t\t<div id=\"elementor-tab-content-2496\" class=\"elementor-tab-content elementor-clearfix\" data-tab=\"6\" role=\"tabpanel\" aria-labelledby=\"elementor-tab-title-2496\"><p>Con il termine assistenza protesica ed integrativa vengono indicate le prestazioni erogate dal Servizio Sanitario Nazionale per la cura e la prevenzione di minorazioni fisiche, psichiche e sensoriali e che si possono esemplificare nella fornitura di dispositivi protesici ed ausili tecnici la cui dettagliata regolamentazione \u00e8 contenuta nel D.M. 27\/08\/1999 n\u00b0 332 e sue modificazioni.<\/p><p><strong>Hanno diritto ad accedere all\u2019assistenza protesica e\/o integrativa<\/strong> (art. 2 D.M. 27 agosto 1999 n\u00b0 332):<\/p><ul><li>minori di anni 18 che necessitano di un intervento di prevenzione, cura e riabilitazione di una invalidit\u00e0 permanente<\/li><li>invalidi civili, per servizio, privi di vista, sordomuti<\/li><li>cittadini che abbiano perduto l\u2019autonomia personale ed abbiano presentato domanda per il riconoscimento dello stato di invalidit\u00e0 civile<\/li><li>i soggetti laringectomizzati e tracheotomizzati, ileo-colostomizzati e urostomizzati, i portatori di catetere permanente, gli affetti da incontinenza stabilizzata<\/li><li>i soggetti amputati d\u2019arto, donne che abbiano subito un\u2019intervento di mastectomia<\/li><li>i soggetti ricoverati, per le cui dimissioni sia necessario il presidio.<\/li><\/ul><p>I dispositivi sono classificati in tre categorie:<\/p><ol><li><strong>Protesi<\/strong>: apparecchi che sostituiscono parti del corpo mancanti o non funzionanti (es. dispositivi acustici, protesi per arti mancati\u2026)<\/li><li><strong>Ortesi<\/strong>: impianti che applicati ad un parte del corpo la aiutano a recuperare in tutto o in parte la giusta funzionalit\u00e0 (come ad esempio corsetti, plantari ecc\u2026)<\/li><li><strong>Ausili tecnici<\/strong>: letti ortopedici, carrozzine, cateteri, ecc.<\/li><\/ol><p>Per <strong>attivare la procedura<\/strong> \u00e8 necessario rivolgersi all\u2019Azienda Sanitaria Locale presso il Distretto Sanitario competente per territorio (sulla base del comune di residenza dell\u2019assistito) e nello specifico agli uffici preposti all\u2019assistenza protesica ed integrativa (solitamente Ufficio Protesi), <strong>muniti della seguente documentazione<\/strong>:<\/p><ol><li>prescrizione del medico del Servizio Sanitario Nazionale <strong>specialista<\/strong> rispetto alla patologia \u2013 tipologia della menomazione \u2013 disabilit\u00e0 di cui \u00e8 affetto il paziente. La prescrizione pu\u00f2 essere effettuata anche da un medico che opera in una struttura privata purch\u00e9 questa sia accredita al Servizio Sanitario Nazionale, altrimenti la richiesta dovr\u00e0 essere vagliata e confermata da un medico specialista che presta la propria attivit\u00e0 presso un\u2019Azienda Sanitaria Locale.<br \/>Nella prescrizione il medico specialista dovr\u00e0 indicare il dispositivo protesico, ortesico o l\u2019ausilio tecnico ritenuto adatto alla cura del paziente e\\o alla prevenzione di minorazioni fisiche, psichiche e sensoriali, <strong>specificandone il codice ISO riportato nel Nomenclatore Tariffario<\/strong> approvato con il D.M. n\u00b0 332\/1999 e s.m.i;<\/li><li>copia del verbale di invalidit\u00e0 civile o altra documentazione attestante la categoria di invalidit\u00e0 riconosciuta; ovvero copia della richiesta per il riconoscimento dello stato di invalidit\u00e0 (quest\u2019ultima, sufficiente tuttavia solo in alcuni particolari casi );<\/li><li>preventivo di spesa della ditta fornitrice\/ farmacia \/ laboratorio accreditato al quale ci si \u00e8 rivolti per la fornitura del dispositivo o ausilio;<\/li><li>documento di riconoscimento (valido) dell\u2019assistito; delega dell\u2019assistito corredata da copia del documento di riconoscimento ove questi non possa recarsi per suo conto;<\/li><li>autocertificazione di residenza.<\/li><\/ol><p>L\u2019Ufficio valuta la richiesta, ed accertatane la validit\u00e0 rilascia l\u2019<strong>autorizzazione<\/strong> per la fornitura del presidio.<br \/>L\u2019autorizzazione va presentata alla ditta fornitrice per la consegna del dispositivo, che dovr\u00e0 poi essere <strong>collaudato<\/strong> dal medico specialista che lo ha prescritto entro 20 giorni (a meno che non si tratti di materiale monouso). Il documento attestante l\u2019avvenuto collaudo va consegnato Azienda Sanitaria.<\/p><p><strong>\u00c8 importante tener presente che l\u2019assistenza protesica ed integrativa non prevede rimborsi, ossia non \u00e8 possibile acquistare il dispositivo o l\u2019ausilio direttamente dalla ditta fornitrice e poi rivolgersi alla Asl per il rimborso.<\/strong><\/p><h3><strong>\u00a0<\/strong><\/h3><h3><strong>UFFICI ASSISTENZA PROTESICA DELLA ASL ROMA 5<\/strong><\/h3><p><a href=\"https:\/\/www.aslroma5.it\/servizi_distrettuali\/ufficio-protesica-distretto-di-colleferro\/\" title=\"Distretto Sanitario Di Colleferro\" target=\"_blank\" rel=\"noopener\">Distretto Sanitario di Colleferro<\/a><\/p><p><a href=\"https:\/\/www.aslroma5.it\/servizi_distrettuali\/ufficio-protesica-distretto-di-guidonia\/\" title=\"Distretto Sanitario Di Guidonia\" target=\"_blank\" rel=\"noopener\">Distretto Sanitario di Guidonia<\/a><\/p><p><a href=\"https:\/\/www.aslroma5.it\/servizi_distrettuali\/ufficio-assistenza-protesica-distretto-di-monterotondo\/\" title=\"Distretto Sanitario Di Monterotondo\">Distretto Sanitario di Monterotondo<\/a><\/p><p><a href=\"https:\/\/www.aslroma5.it\/servizi_ospedalieri\/medicina-legale-casa-della-salute-di-zagarolo\/\" title=\"Distretto Sanitario Di Palestrina\" target=\"_blank\" rel=\"noopener\">Distretto Sanitario di Palestrina<\/a><\/p><p><a href=\"https:\/\/www.aslroma5.it\/servizi_distrettuali\/assistenza-protesica-distretto-di-subiaco\/\" title=\"Distretto Sanitario Di Subiaco\">Distretto Sanitario di Subiaco<\/a><\/p><p><a href=\"https:\/\/www.aslroma5.it\/servizi_distrettuali\/ufficio-protesica-distretto-di-tivoli\/\" title=\"Distretto Sanitario Di Tivoli\">Distretto Sanitario di Tivoli<\/a><\/p><\/div>\n\t\t\t\t<\/div>\n\t\t\t\t\t\t\t<div class=\"elementor-accordion-item\">\n\t\t\t\t\t<h4 id=\"elementor-tab-title-2497\" class=\"elementor-tab-title the7-accordion-header\" data-tab=\"7\" role=\"tab\" aria-controls=\"elementor-tab-content-2497\">\n\n\t\t\t\t\t\t\t\t\t\t\t\t\t<span class=\"elementor-accordion-icon elementor-accordion-icon-left\" aria-hidden=\"true\">\n\t\t\t\t\t\t\t\t\t\t\t\t\t\t\t<span class=\"elementor-accordion-icon-closed\"><i class=\"fas fa-caret-down\"><\/i><\/span>\n\t\t\t\t\t\t\t\t\t\t\t\t\t\t\t\t\t<span class=\"elementor-accordion-icon-opened\"><i class=\"fas fa-caret-up\"><\/i><\/span>\n\t\t\t\t\t\t\t\t\t\t\t\t\t\t\t\t\t\t\t\t\t\t<\/span>\n\t\t\t\t\t\t\t\t\t\t\t\t\t\t\t\t\t\t<a class=\"elementor-accordion-title\" href=\"\">Per il prelievo del sangue bisogna prenotarsi prima?<\/a>\n\t\t\t\t\t<\/h4>\n\t\t\t\t\t<div id=\"elementor-tab-content-2497\" class=\"elementor-tab-content elementor-clearfix\" data-tab=\"7\" role=\"tabpanel\" aria-labelledby=\"elementor-tab-title-2497\"><p>No. Per effettuare il prelievo la mattina stessa che si decide di farlo ci si deve recare presso la struttura prescelta e, prima di recarsi alla Sala Prelievi, ricordarsi di convalidare la richiesta agli sportelli del CUP della struttura stessa, dove rilasceranno le etichette con il codice a barre da portare assieme alla richiesta convalidata all\u2019operatore della Sala Prelievi.<\/p><\/div>\n\t\t\t\t<\/div>\n\t\t\t\t\t\t\t<div class=\"elementor-accordion-item\">\n\t\t\t\t\t<h4 id=\"elementor-tab-title-2498\" class=\"elementor-tab-title the7-accordion-header\" data-tab=\"8\" role=\"tab\" aria-controls=\"elementor-tab-content-2498\">\n\n\t\t\t\t\t\t\t\t\t\t\t\t\t<span class=\"elementor-accordion-icon elementor-accordion-icon-left\" aria-hidden=\"true\">\n\t\t\t\t\t\t\t\t\t\t\t\t\t\t\t<span class=\"elementor-accordion-icon-closed\"><i class=\"fas fa-caret-down\"><\/i><\/span>\n\t\t\t\t\t\t\t\t\t\t\t\t\t\t\t\t\t<span class=\"elementor-accordion-icon-opened\"><i class=\"fas fa-caret-up\"><\/i><\/span>\n\t\t\t\t\t\t\t\t\t\t\t\t\t\t\t\t\t\t\t\t\t\t<\/span>\n\t\t\t\t\t\t\t\t\t\t\t\t\t\t\t\t\t\t<a class=\"elementor-accordion-title\" href=\"\">Cosa devo fare per fare le analisi del sangue?<\/a>\n\t\t\t\t\t<\/h4>\n\t\t\t\t\t<div id=\"elementor-tab-content-2498\" class=\"elementor-tab-content elementor-clearfix\" data-tab=\"8\" role=\"tabpanel\" aria-labelledby=\"elementor-tab-title-2498\"><p>La mattina stessa che decide di fare il prelievo deve recarsi presso gli sportelli del CUP del presidio prescelto, dalle 7.30 alle 10.30 per convalidare la richiesta del medico curante. Subito dopo si deve recare alla Sala Prelievi e consegnare la ricetta convalidata assieme alle etichette con il codice a barre rilasciate dall\u2019operatore del CUP.<\/p><p>Piccole regole da seguire per una corretta procedura:<\/p><ul><li>essere a digiuno da circa 12 ore<\/li><li>se ci sono analisi delle urine e\/o delle feci, portarle nell\u2019apposito contenitore e consegnarle all\u2019operatore della Sala Prelievi. Per l\u2019esame delle urine usare la provetta; per l\u2019esame delle feci acquisire il barattolino adatto ricordandosi di prendere un\u2019unica piccola quantit\u00e0 di feci con il cucchiaino del contenitore da reinserire subito nel barattolino; mentre per l\u2019urinocoltura procurarsi il barattolino sterile.<\/li><\/ul><p>In caso di curva glicemica e\/o insulinemica presentarsi entro le ore 8, perch\u00e9 si deve rimanere senza allontanarsi dalla sala prelievi da una a due ore circa, secondo il tipo di curva da effettuare. Per questo si consiglia di munirsi di una rivista, libro, o quant&#8217;altro possa permettere di trascorrere al meglio il tempo di permanenza.<\/p><\/div>\n\t\t\t\t<\/div>\n\t\t\t\t\t\t\t<div class=\"elementor-accordion-item\">\n\t\t\t\t\t<h4 id=\"elementor-tab-title-2499\" class=\"elementor-tab-title the7-accordion-header\" data-tab=\"9\" role=\"tab\" aria-controls=\"elementor-tab-content-2499\">\n\n\t\t\t\t\t\t\t\t\t\t\t\t\t<span class=\"elementor-accordion-icon elementor-accordion-icon-left\" aria-hidden=\"true\">\n\t\t\t\t\t\t\t\t\t\t\t\t\t\t\t<span class=\"elementor-accordion-icon-closed\"><i class=\"fas fa-caret-down\"><\/i><\/span>\n\t\t\t\t\t\t\t\t\t\t\t\t\t\t\t\t\t<span class=\"elementor-accordion-icon-opened\"><i class=\"fas fa-caret-up\"><\/i><\/span>\n\t\t\t\t\t\t\t\t\t\t\t\t\t\t\t\t\t\t\t\t\t\t<\/span>\n\t\t\t\t\t\t\t\t\t\t\t\t\t\t\t\t\t\t<a class=\"elementor-accordion-title\" href=\"\">Si pu\u00f2 fare il prelievo il sabato mattina?<\/a>\n\t\t\t\t\t<\/h4>\n\t\t\t\t\t<div id=\"elementor-tab-content-2499\" class=\"elementor-tab-content elementor-clearfix\" data-tab=\"9\" role=\"tabpanel\" aria-labelledby=\"elementor-tab-title-2499\">Secondo la struttura a cui si rivolge.<br \/><br \/>\n\nS\u00ec presso: i Presidi Ospedalieri di Monterotondo, Palestrina, Palombara, Subiaco, Tivoli, Zagarolo, ed il Distretto di Guidonia. Le rimanenti strutture non erogano tale servizio.<\/div>\n\t\t\t\t<\/div>\n\t\t\t\t\t\t\t<div class=\"elementor-accordion-item\">\n\t\t\t\t\t<h4 id=\"elementor-tab-title-24910\" class=\"elementor-tab-title the7-accordion-header\" data-tab=\"10\" role=\"tab\" aria-controls=\"elementor-tab-content-24910\">\n\n\t\t\t\t\t\t\t\t\t\t\t\t\t<span class=\"elementor-accordion-icon elementor-accordion-icon-left\" aria-hidden=\"true\">\n\t\t\t\t\t\t\t\t\t\t\t\t\t\t\t<span class=\"elementor-accordion-icon-closed\"><i class=\"fas fa-caret-down\"><\/i><\/span>\n\t\t\t\t\t\t\t\t\t\t\t\t\t\t\t\t\t<span class=\"elementor-accordion-icon-opened\"><i class=\"fas fa-caret-up\"><\/i><\/span>\n\t\t\t\t\t\t\t\t\t\t\t\t\t\t\t\t\t\t\t\t\t\t<\/span>\n\t\t\t\t\t\t\t\t\t\t\t\t\t\t\t\t\t\t<a class=\"elementor-accordion-title\" href=\"\">Come rinnovare l'esenzione ticket per reddito?<\/a>\n\t\t\t\t\t<\/h4>\n\t\t\t\t\t<div id=\"elementor-tab-content-24910\" class=\"elementor-tab-content elementor-clearfix\" data-tab=\"10\" role=\"tabpanel\" aria-labelledby=\"elementor-tab-title-24910\"><p>Le regole per ottenere l\u2019esenzione dalla quota di partecipazione alla spesa sanitaria per condizione economica, sono cambiate.<\/p>\n<p>I criteri che danno diritto all\u2019esenzione per reddito restano gli stessi, cambia solo il metodo di certificazione degli stessi. Il diritto all\u2019esenzione sar\u00e0 apposto sulla ricetta direttamente dal medico che effettua la prescrizione in base ai dati comunicati dal Ministero dell\u2019Economia e delle Finanze*. I cittadini non presenti in elenco, che possiedono i requisiti che danno diritto all&#8217;esenzione ed in ogni caso per l&#8217;esenzione E02 (stato di disoccupazione), dovranno effettuare, ogni anno a partire dal 1\u00b0 aprile l&#8217;<a href=\"http:\/\/www.poslazio.it\/opencms7\/export\/sites\/default\/sociale\/porsan\/gallery\/docs\/MODULO.AUTOCERTIFICAZIONE_Modello_RLmarzo.VER4.0.pdf\" title=\"Autocertificazione\" target=\"_blank\" rel=\"noopener\">autocertificazione<\/a>, presso gli sportelli esenzioni della propria ASL di appartenenza.<\/p>\n<p>* Invitiamo l&#8217;utenza al fine di evitare file inutili presso gli sportelli della medicina di base per il rinnovo delle esenzioni E01 E03 E 04, di verificare presso i propri medici curanti\/pediatri di libera scelta se l&#8217;esenzione risulti gi\u00e0 automaticamente.<\/p><\/div>\n\t\t\t\t<\/div>\n\t\t\t\t\t<\/div>\n\t\t\t\t\t\t<\/div>\n\t\t\t\t<\/div>\n\t\t\t\t\t<\/div>\n\t\t<\/div>\n\t\t\t\t\t<\/div>\n\t\t<\/section>\n\t\t\t\t<\/div>\n\t\t","protected":false},"excerpt":{"rendered":"<p>In questa pagina potete trovare, raccolte in sezioni e sottosezioni, le domande poste frequentemente agli Uffici URP centrali e periferici, ai diversi servizi della nostra azienda e, naturalmente, quelle inoltrate in modo ricorrente via e-mail. Come \u00e8 possibile fare per avere il riconoscimento dell\u2019invalidit\u00e0 civile? Si informa l\u2019utenza che con la Legge n\u00b0 102\/2009 \u00e8&hellip;<\/p>\n","protected":false},"author":1,"featured_media":26404,"parent":0,"menu_order":6,"comment_status":"open","ping_status":"closed","template":"","meta":{"_acf_changed":false,"inline_featured_image":false,"footnotes":""},"class_list":["post-29840","page","type-page","status-publish","has-post-thumbnail","hentry"],"acf":{"galleria":null},"yoast_head":"<!-- This site is optimized with the Yoast SEO plugin v25.5 - https:\/\/yoast.com\/wordpress\/plugins\/seo\/ -->\n<title>FAQ - Domande frequenti - ASL ROMA 5<\/title>\n<meta name=\"robots\" content=\"index, follow, max-snippet:-1, max-image-preview:large, max-video-preview:-1\" \/>\n<link rel=\"canonical\" href=\"https:\/\/www.aslroma5.it\/faq-domande-frequenti\/\" \/>\n<meta property=\"og:locale\" content=\"it_IT\" \/>\n<meta property=\"og:type\" content=\"article\" \/>\n<meta property=\"og:title\" content=\"FAQ - Domande frequenti - ASL ROMA 5\" \/>\n<meta property=\"og:description\" content=\"In questa pagina potete trovare, raccolte in sezioni e sottosezioni, le domande poste frequentemente agli Uffici URP centrali e periferici, ai diversi servizi della nostra azienda e, naturalmente, quelle inoltrate in modo ricorrente via e-mail. Come \u00e8 possibile fare per avere il riconoscimento dell\u2019invalidit\u00e0 civile? Si informa l\u2019utenza che con la Legge n\u00b0 102\/2009 \u00e8&hellip;\" \/>\n<meta property=\"og:url\" content=\"https:\/\/www.aslroma5.it\/faq-domande-frequenti\/\" \/>\n<meta property=\"og:site_name\" content=\"ASL ROMA 5\" \/>\n<meta property=\"article:modified_time\" content=\"2022-06-30T12:18:47+00:00\" \/>\n<meta property=\"og:image\" content=\"https:\/\/www.aslroma5.it\/wp-content\/uploads\/2012\/03\/images_animated.gif\" \/>\n\t<meta property=\"og:image:width\" content=\"107\" \/>\n\t<meta property=\"og:image:height\" content=\"98\" \/>\n\t<meta property=\"og:image:type\" content=\"image\/gif\" \/>\n<meta name=\"twitter:card\" content=\"summary_large_image\" \/>\n<meta name=\"twitter:label1\" content=\"Tempo di lettura stimato\" \/>\n\t<meta name=\"twitter:data1\" content=\"10 minuti\" \/>\n<script type=\"application\/ld+json\" class=\"yoast-schema-graph\">{\"@context\":\"https:\/\/schema.org\",\"@graph\":[{\"@type\":\"WebPage\",\"@id\":\"https:\/\/www.aslroma5.it\/faq-domande-frequenti\/\",\"url\":\"https:\/\/www.aslroma5.it\/faq-domande-frequenti\/\",\"name\":\"FAQ - Domande frequenti - ASL ROMA 5\",\"isPartOf\":{\"@id\":\"https:\/\/www.aslroma5.it\/#website\"},\"primaryImageOfPage\":{\"@id\":\"https:\/\/www.aslroma5.it\/faq-domande-frequenti\/#primaryimage\"},\"image\":{\"@id\":\"https:\/\/www.aslroma5.it\/faq-domande-frequenti\/#primaryimage\"},\"thumbnailUrl\":\"https:\/\/www.aslroma5.it\/wp-content\/uploads\/2012\/03\/images_animated.gif\",\"datePublished\":\"2013-03-26T09:39:47+00:00\",\"dateModified\":\"2022-06-30T12:18:47+00:00\",\"breadcrumb\":{\"@id\":\"https:\/\/www.aslroma5.it\/faq-domande-frequenti\/#breadcrumb\"},\"inLanguage\":\"it-IT\",\"potentialAction\":[{\"@type\":\"ReadAction\",\"target\":[\"https:\/\/www.aslroma5.it\/faq-domande-frequenti\/\"]}]},{\"@type\":\"ImageObject\",\"inLanguage\":\"it-IT\",\"@id\":\"https:\/\/www.aslroma5.it\/faq-domande-frequenti\/#primaryimage\",\"url\":\"https:\/\/www.aslroma5.it\/wp-content\/uploads\/2012\/03\/images_animated.gif\",\"contentUrl\":\"https:\/\/www.aslroma5.it\/wp-content\/uploads\/2012\/03\/images_animated.gif\",\"width\":107,\"height\":98,\"caption\":\"animated\"},{\"@type\":\"BreadcrumbList\",\"@id\":\"https:\/\/www.aslroma5.it\/faq-domande-frequenti\/#breadcrumb\",\"itemListElement\":[{\"@type\":\"ListItem\",\"position\":1,\"name\":\"Home\",\"item\":\"https:\/\/www.aslroma5.it\/\"},{\"@type\":\"ListItem\",\"position\":2,\"name\":\"FAQ &#8211; Domande frequenti\"}]},{\"@type\":\"WebSite\",\"@id\":\"https:\/\/www.aslroma5.it\/#website\",\"url\":\"https:\/\/www.aslroma5.it\/\",\"name\":\"ASL ROMA 5\",\"description\":\"\",\"publisher\":{\"@id\":\"https:\/\/www.aslroma5.it\/#organization\"},\"potentialAction\":[{\"@type\":\"SearchAction\",\"target\":{\"@type\":\"EntryPoint\",\"urlTemplate\":\"https:\/\/www.aslroma5.it\/?s={search_term_string}\"},\"query-input\":{\"@type\":\"PropertyValueSpecification\",\"valueRequired\":true,\"valueName\":\"search_term_string\"}}],\"inLanguage\":\"it-IT\"},{\"@type\":\"Organization\",\"@id\":\"https:\/\/www.aslroma5.it\/#organization\",\"name\":\"ASL ROMA 5\",\"url\":\"https:\/\/www.aslroma5.it\/\",\"logo\":{\"@type\":\"ImageObject\",\"inLanguage\":\"it-IT\",\"@id\":\"https:\/\/www.aslroma5.it\/#\/schema\/logo\/image\/\",\"url\":\"https:\/\/www.aslroma5.it\/wp-content\/uploads\/2025\/07\/asl-roma5-logo-25.svg\",\"contentUrl\":\"https:\/\/www.aslroma5.it\/wp-content\/uploads\/2025\/07\/asl-roma5-logo-25.svg\",\"width\":328,\"height\":112,\"caption\":\"ASL ROMA 5\"},\"image\":{\"@id\":\"https:\/\/www.aslroma5.it\/#\/schema\/logo\/image\/\"}}]}<\/script>\n<!-- \/ Yoast SEO plugin. -->","yoast_head_json":{"title":"FAQ - Domande frequenti - ASL ROMA 5","robots":{"index":"index","follow":"follow","max-snippet":"max-snippet:-1","max-image-preview":"max-image-preview:large","max-video-preview":"max-video-preview:-1"},"canonical":"https:\/\/www.aslroma5.it\/faq-domande-frequenti\/","og_locale":"it_IT","og_type":"article","og_title":"FAQ - Domande frequenti - ASL ROMA 5","og_description":"In questa pagina potete trovare, raccolte in sezioni e sottosezioni, le domande poste frequentemente agli Uffici URP centrali e periferici, ai diversi servizi della nostra azienda e, naturalmente, quelle inoltrate in modo ricorrente via e-mail. Come \u00e8 possibile fare per avere il riconoscimento dell\u2019invalidit\u00e0 civile? Si informa l\u2019utenza che con la Legge n\u00b0 102\/2009 \u00e8&hellip;","og_url":"https:\/\/www.aslroma5.it\/faq-domande-frequenti\/","og_site_name":"ASL ROMA 5","article_modified_time":"2022-06-30T12:18:47+00:00","og_image":[{"width":107,"height":98,"url":"https:\/\/www.aslroma5.it\/wp-content\/uploads\/2012\/03\/images_animated.gif","type":"image\/gif"}],"twitter_card":"summary_large_image","twitter_misc":{"Tempo di lettura stimato":"10 minuti"},"schema":{"@context":"https:\/\/schema.org","@graph":[{"@type":"WebPage","@id":"https:\/\/www.aslroma5.it\/faq-domande-frequenti\/","url":"https:\/\/www.aslroma5.it\/faq-domande-frequenti\/","name":"FAQ - Domande frequenti - ASL ROMA 5","isPartOf":{"@id":"https:\/\/www.aslroma5.it\/#website"},"primaryImageOfPage":{"@id":"https:\/\/www.aslroma5.it\/faq-domande-frequenti\/#primaryimage"},"image":{"@id":"https:\/\/www.aslroma5.it\/faq-domande-frequenti\/#primaryimage"},"thumbnailUrl":"https:\/\/www.aslroma5.it\/wp-content\/uploads\/2012\/03\/images_animated.gif","datePublished":"2013-03-26T09:39:47+00:00","dateModified":"2022-06-30T12:18:47+00:00","breadcrumb":{"@id":"https:\/\/www.aslroma5.it\/faq-domande-frequenti\/#breadcrumb"},"inLanguage":"it-IT","potentialAction":[{"@type":"ReadAction","target":["https:\/\/www.aslroma5.it\/faq-domande-frequenti\/"]}]},{"@type":"ImageObject","inLanguage":"it-IT","@id":"https:\/\/www.aslroma5.it\/faq-domande-frequenti\/#primaryimage","url":"https:\/\/www.aslroma5.it\/wp-content\/uploads\/2012\/03\/images_animated.gif","contentUrl":"https:\/\/www.aslroma5.it\/wp-content\/uploads\/2012\/03\/images_animated.gif","width":107,"height":98,"caption":"animated"},{"@type":"BreadcrumbList","@id":"https:\/\/www.aslroma5.it\/faq-domande-frequenti\/#breadcrumb","itemListElement":[{"@type":"ListItem","position":1,"name":"Home","item":"https:\/\/www.aslroma5.it\/"},{"@type":"ListItem","position":2,"name":"FAQ &#8211; Domande frequenti"}]},{"@type":"WebSite","@id":"https:\/\/www.aslroma5.it\/#website","url":"https:\/\/www.aslroma5.it\/","name":"ASL ROMA 5","description":"","publisher":{"@id":"https:\/\/www.aslroma5.it\/#organization"},"potentialAction":[{"@type":"SearchAction","target":{"@type":"EntryPoint","urlTemplate":"https:\/\/www.aslroma5.it\/?s={search_term_string}"},"query-input":{"@type":"PropertyValueSpecification","valueRequired":true,"valueName":"search_term_string"}}],"inLanguage":"it-IT"},{"@type":"Organization","@id":"https:\/\/www.aslroma5.it\/#organization","name":"ASL ROMA 5","url":"https:\/\/www.aslroma5.it\/","logo":{"@type":"ImageObject","inLanguage":"it-IT","@id":"https:\/\/www.aslroma5.it\/#\/schema\/logo\/image\/","url":"https:\/\/www.aslroma5.it\/wp-content\/uploads\/2025\/07\/asl-roma5-logo-25.svg","contentUrl":"https:\/\/www.aslroma5.it\/wp-content\/uploads\/2025\/07\/asl-roma5-logo-25.svg","width":328,"height":112,"caption":"ASL ROMA 5"},"image":{"@id":"https:\/\/www.aslroma5.it\/#\/schema\/logo\/image\/"}}]}},"publishpress_future_action":{"enabled":false,"date":"2026-05-08 11:20:56","action":"change-status","newStatus":"draft","terms":[],"taxonomy":"frm_application","extraData":[]},"publishpress_future_workflow_manual_trigger":{"enabledWorkflows":[]},"_links":{"self":[{"href":"https:\/\/www.aslroma5.it\/api\/wp\/v2\/pages\/29840","targetHints":{"allow":["GET"]}}],"collection":[{"href":"https:\/\/www.aslroma5.it\/api\/wp\/v2\/pages"}],"about":[{"href":"https:\/\/www.aslroma5.it\/api\/wp\/v2\/types\/page"}],"author":[{"embeddable":true,"href":"https:\/\/www.aslroma5.it\/api\/wp\/v2\/users\/1"}],"replies":[{"embeddable":true,"href":"https:\/\/www.aslroma5.it\/api\/wp\/v2\/comments?post=29840"}],"version-history":[{"count":0,"href":"https:\/\/www.aslroma5.it\/api\/wp\/v2\/pages\/29840\/revisions"}],"wp:featuredmedia":[{"embeddable":true,"href":"https:\/\/www.aslroma5.it\/api\/wp\/v2\/media\/26404"}],"wp:attachment":[{"href":"https:\/\/www.aslroma5.it\/api\/wp\/v2\/media?parent=29840"}],"curies":[{"name":"wp","href":"https:\/\/api.w.org\/{rel}","templated":true}]}}