{"id":91772,"date":"2025-11-03T14:40:17","date_gmt":"2025-11-03T13:40:17","guid":{"rendered":"https:\/\/www.aslroma5.it\/?page_id=91772"},"modified":"2025-11-25T15:36:05","modified_gmt":"2025-11-25T14:36:05","slug":"comitati-di-dipartimento-anno-2025","status":"publish","type":"page","link":"https:\/\/www.aslroma5.it\/comitati-di-dipartimento-anno-2025\/","title":{"rendered":"Comitati di Dipartimento Anno 2025"},"content":{"rendered":"\t\t<div data-elementor-type=\"wp-page\" data-elementor-id=\"91772\" class=\"elementor elementor-91772\" data-elementor-post-type=\"page\">\n\t\t\t\t\t\t<section class=\"elementor-section elementor-top-section elementor-element elementor-element-805cae9 elementor-section-boxed elementor-section-height-default elementor-section-height-default\" data-id=\"805cae9\" data-element_type=\"section\">\n\t\t\t\t\t\t<div class=\"elementor-container elementor-column-gap-default\">\n\t\t\t\t\t<div class=\"elementor-column elementor-col-100 elementor-top-column elementor-element elementor-element-ce4dd51\" data-id=\"ce4dd51\" data-element_type=\"column\">\n\t\t\t<div class=\"elementor-widget-wrap elementor-element-populated\">\n\t\t\t\t\t\t<div class=\"elementor-element elementor-element-9d267be elementor-widget elementor-widget-text-editor\" data-id=\"9d267be\" data-element_type=\"widget\" data-widget_type=\"text-editor.default\">\n\t\t\t\t<div class=\"elementor-widget-container\">\n\t\t\t\t\t\t\t\t\t<p>Il <strong>Comitato di Dipartimento<\/strong>, ai sensi di quanto previsto dall&#8217;art.17-bis del d.lgs n.502\/1992 e s.m.i., \u00e8 un organismo collegiale consultivo con funzioni di indirizzo e verifica i cui componenti sono:<\/p>\n<ul>\n<li>il direttore del Dipartimento, che lo presiede;<\/li>\n<li>i direttori delle unit\u00e0 operative complesse;<\/li>\n<li>i dirigenti delle unit\u00e0 operative semplici dipartimentali;<\/li>\n<li>i rappresentanti dell&#8217;Area dei Professionisti della Salute e dei Funzionari, assunti a tempo indeterminato, acquisita la disponibilit\u00e0 degli stessi, titolari di Funzione Organizzativa e\/o Posizione organizzativa ed assegnati al dipartimento, in un numero massimo di due.\n<p>In presenza di Funzione Organizzativa e\/o Posizione organizzativa superiore adue e\/o con profili professionali diversi, come elencati nel vigente CCNL ruolo sanitario, sociosanitario e amministrativo, tecnico e professionale si proceder\u00e0 con:<\/p>\n<ol>\n<li>n.1 rappresentante del profilo delle professioni sanitarie infermieristiche\/ ostetrica;<\/li>\n<li>n.1 rappresentante del profilo delle professioni tecnico sanitarie, della riabilitazione, della prevenzione, dell&#8217;assistente sociale, collaboratore tecnico professionale, collaboratore amministrativo-professionale soltanto nel caso in cui nel dipartimento sono presenti in % pari o superiore al 20% dei dipendenti afferenti allo stesso profilo professionale della Funzione Organizzativa e\/o<br><p class=\"p1\">Posizione organizzativa, in caso di assenza i rappresentanti saranno n.2 dell&#8217;area infermieristica e ostetrica.<\/p>\n<\/li>\n<\/ol>\n<\/li>\n<li style=\"list-style-type: none;\">\n<p>Con riferimento al punto 1 e 2, a parit\u00e0 di condizione, sar\u00e0 rappresentante, il dipendente che ha maggiore anzianit\u00e0 di servizio;<br><\/p>\n<\/li>\n<li>\n<p class=\"p1\">i dirigenti medici, sanitari, tecnici, professionali e amministrativi in numero non superiore al 30% dei componenti di diritto, eletti dai dirigenti del Dipartimento.<\/p>\n<\/li>\n<\/ul>\n<p class=\"p1\">Le modalit\u00e0 di elezione dei membri elettivi del Comitato di Dipartimento \u00e8 oggetto di apposito disciplinare, art.8 del presente regolamento, uniformemente per tutti i Dipartimenti e non modificabile in sede dipartimentale.<br>I membri elettivi del Comitato di Dipartimento durano in carica tre anni e possono essere rieletti. Gli eletti che cessino dal servizio o che si dimettano dall&#8217;incarico ovvero diventino componenti di diritto del Comitato di Dipartimento, sono sostituiti dai candidati non eletti, secondo l&#8217;ordine dei voti conseguiti.<\/p>\n<p class=\"p1\">Il Comitato di dipartimento cessa le proprie funzioni all&#8217;atto dell&#8217;insediamento del nuovo comitato di dipartimento risultante dalle elezioni che devono essere indette almeno entro tre mesi dalla scadenza del triennio precedente.<\/p>\n<p class=\"p1\">Il Comitato di Dipartimento, la cui durata e modalit\u00e0 di funzionamento sono stabilite dal presente regolamento, definisce le linee di indirizzo clinico e organizzativo del Dipartimento ed elabora la proposta di obiettivi gestionali ed assistenziali del Dipartimento.<\/p>\n<p class=\"p1\">Si riunisce per l&#8217;esame congiunto delle attivit\u00e0 e per la verifica periodica degli obiettivi e per individuare eventuali correttivi e interventi idonei a ottimizzare l&#8217;utilizzo delle risorse di norma una volta al mese nonch\u00e9 ogniqualvolta debba esprimersi su:<\/p>\n<ul>\n<li class=\"p1\">gli obiettivi del Dipartimento negoziati dal direttore dello stesso con la Direzione aziendale;<\/li>\n<li class=\"p1\">l&#8217;acquisizione e allocazione delle risorse umane e materiali delle singole unit\u00e0 operative e dei rispettivi budget;<\/li>\n<li class=\"p1\">la verifica della corrispondenza dei risultati raggiunti rispetto agli obiettivi concordati;<\/li>\n<li class=\"p1\">le modalit\u00e0 organizzative del Dipartimento nell&#8217;ambito clinico, i percorsi assistenziali, la presa in carico, l&#8217;appropriatezza ecc.<\/li>\n<\/ul>\n<p><strong>Durata in carica del Comitato di Dipartimento<\/strong><\/p>\n<p>La durata \u00e8 triennale; il Comitato di Dipartimento decade, comunque, entro sei mesi dalla nomina del nuovo Direttore Generale, fatta salva l&#8217;eventuale proroga dello stesso, o a seguito di modifiche dell&#8217;atto aziendale relative al dipartimento interessato. <br>Nel caso di cessazione anticipata per qualsiasi causa di un componente eletto, subentra il primo dei non eletti. Qualora la lista degli eletti sia esaurita, si procede ad elezioni suppletive per la sostituzione del componente mancante.<br>I componenti eletti tramite le elezioni suppletive durano in carica fino alla scadenza del mandato degli altri componenti eletti.<\/p>\t\t\t\t\t\t\t\t<\/div>\n\t\t\t\t<\/div>\n\t\t\t\t\t<\/div>\n\t\t<\/div>\n\t\t\t\t\t<\/div>\n\t\t<\/section>\n\t\t\t\t<section class=\"elementor-section elementor-top-section elementor-element elementor-element-d525663 elementor-section-boxed elementor-section-height-default elementor-section-height-default\" data-id=\"d525663\" data-element_type=\"section\">\n\t\t\t\t\t\t<div class=\"elementor-container elementor-column-gap-default\">\n\t\t\t\t\t<div class=\"elementor-column elementor-col-100 elementor-top-column elementor-element elementor-element-04e2339\" data-id=\"04e2339\" data-element_type=\"column\">\n\t\t\t<div class=\"elementor-widget-wrap elementor-element-populated\">\n\t\t\t\t\t\t<div class=\"elementor-element elementor-element-da89781 elementor-widget elementor-widget-spacer\" data-id=\"da89781\" data-element_type=\"widget\" data-widget_type=\"spacer.default\">\n\t\t\t\t<div class=\"elementor-widget-container\">\n\t\t\t\t\t\t\t<div class=\"elementor-spacer\">\n\t\t\t<div class=\"elementor-spacer-inner\"><\/div>\n\t\t<\/div>\n\t\t\t\t\t\t<\/div>\n\t\t\t\t<\/div>\n\t\t\t\t<div class=\"elementor-element elementor-element-60963cd elementor-widget elementor-widget-heading\" data-id=\"60963cd\" data-element_type=\"widget\" data-widget_type=\"heading.default\">\n\t\t\t\t<div class=\"elementor-widget-container\">\n\t\t\t\t\t<h2 class=\"elementor-heading-title elementor-size-default\">COMUNICAZIONI<\/h2>\t\t\t\t<\/div>\n\t\t\t\t<\/div>\n\t\t\t\t<section class=\"elementor-section elementor-inner-section elementor-element elementor-element-085a752 elementor-section-boxed elementor-section-height-default elementor-section-height-default\" data-id=\"085a752\" data-element_type=\"section\">\n\t\t\t\t\t\t<div class=\"elementor-container elementor-column-gap-default\">\n\t\t\t\t\t<div class=\"elementor-column elementor-col-33 elementor-inner-column elementor-element elementor-element-13cb18a\" data-id=\"13cb18a\" data-element_type=\"column\">\n\t\t\t<div class=\"elementor-widget-wrap elementor-element-populated\">\n\t\t\t\t\t\t<div class=\"elementor-element elementor-element-1283da3 elementor-icon-list--layout-traditional elementor-list-item-link-full_width elementor-widget elementor-widget-icon-list\" data-id=\"1283da3\" data-element_type=\"widget\" data-widget_type=\"icon-list.default\">\n\t\t\t\t<div class=\"elementor-widget-container\">\n\t\t\t\t\t\t\t<ul class=\"elementor-icon-list-items\">\n\t\t\t\t\t\t\t<li class=\"elementor-icon-list-item\">\n\t\t\t\t\t\t\t\t\t\t\t<a href=\"https:\/\/www.aslroma5.it\/wp-content\/uploads\/2025\/11\/comitati-dipartimento-2025-comunicazione-data-elezioni-031125.pdf\" title=\"Comunicazione Data Elezioni E Invio Candidature\" target=\"_blank\">\n\n\t\t\t\t\t\t\t\t\t\t\t\t<span class=\"elementor-icon-list-icon\">\n\t\t\t\t\t\t\t<svg xmlns=\"http:\/\/www.w3.org\/2000\/svg\" viewBox=\"0 0 640 640\"><path d=\"M128 64C92.7 64 64 92.7 64 128L64 512C64 547.3 92.7 576 128 576L208 576L208 464C208 428.7 236.7 400 272 400L448 400L448 234.5C448 217.5 441.3 201.2 429.3 189.2L322.7 82.7C310.7 70.7 294.5 64 277.5 64L128 64zM389.5 240L296 240C282.7 240 272 229.3 272 216L272 122.5L389.5 240zM272 444C261 444 252 453 252 464L252 592C252 603 261 612 272 612C283 612 292 603 292 592L292 564L304 564C337.1 564 364 537.1 364 504C364 470.9 337.1 444 304 444L272 444zM304 524L292 524L292 484L304 484C315 484 324 493 324 504C324 515 315 524 304 524zM400 444C389 444 380 453 380 464L380 592C380 603 389 612 400 612L432 612C460.7 612 484 588.7 484 560L484 496C484 467.3 460.7 444 432 444L400 444zM420 572L420 484L432 484C438.6 484 444 489.4 444 496L444 560C444 566.6 438.6 572 432 572L420 572zM508 464L508 592C508 603 517 612 528 612C539 612 548 603 548 592L548 548L576 548C587 548 596 539 596 528C596 517 587 508 576 508L548 508L548 484L576 484C587 484 596 475 596 464C596 453 587 444 576 444L528 444C517 444 508 453 508 464z\"><\/path><\/svg>\t\t\t\t\t\t<\/span>\n\t\t\t\t\t\t\t\t\t\t<span class=\"elementor-icon-list-text\">Comunicazione data elezioni e invio candidature<\/span>\n\t\t\t\t\t\t\t\t\t\t\t<\/a>\n\t\t\t\t\t\t\t\t\t<\/li>\n\t\t\t\t\t\t<\/ul>\n\t\t\t\t\t\t<\/div>\n\t\t\t\t<\/div>\n\t\t\t\t\t<\/div>\n\t\t<\/div>\n\t\t\t\t<div class=\"elementor-column elementor-col-33 elementor-inner-column elementor-element elementor-element-d89b150\" data-id=\"d89b150\" data-element_type=\"column\">\n\t\t\t<div class=\"elementor-widget-wrap elementor-element-populated\">\n\t\t\t\t\t\t<div class=\"elementor-element elementor-element-bba9912 elementor-icon-list--layout-traditional elementor-list-item-link-full_width elementor-widget elementor-widget-icon-list\" data-id=\"bba9912\" data-element_type=\"widget\" data-widget_type=\"icon-list.default\">\n\t\t\t\t<div class=\"elementor-widget-container\">\n\t\t\t\t\t\t\t<ul class=\"elementor-icon-list-items\">\n\t\t\t\t\t\t\t<li class=\"elementor-icon-list-item\">\n\t\t\t\t\t\t\t\t\t\t\t<a href=\"https:\/\/www.aslroma5.it\/wp-content\/uploads\/2025\/11\/comitato-dipartimenti-modulo-candidatura-2025.pdf\" title=\"Modulo Per La Candidatura\" target=\"_blank\">\n\n\t\t\t\t\t\t\t\t\t\t\t\t<span class=\"elementor-icon-list-icon\">\n\t\t\t\t\t\t\t<svg xmlns=\"http:\/\/www.w3.org\/2000\/svg\" viewBox=\"0 0 512 512\"><path d=\"M288 32c0-17.7-14.3-32-32-32s-32 14.3-32 32l0 242.7-73.4-73.4c-12.5-12.5-32.8-12.5-45.3 0s-12.5 32.8 0 45.3l128 128c12.5 12.5 32.8 12.5 45.3 0l128-128c12.5-12.5 12.5-32.8 0-45.3s-32.8-12.5-45.3 0L288 274.7 288 32zM64 352c-35.3 0-64 28.7-64 64l0 32c0 35.3 28.7 64 64 64l384 0c35.3 0 64-28.7 64-64l0-32c0-35.3-28.7-64-64-64l-101.5 0-45.3 45.3c-25 25-65.5 25-90.5 0L165.5 352 64 352zm368 56a24 24 0 1 1 0 48 24 24 0 1 1 0-48z\"><\/path><\/svg>\t\t\t\t\t\t<\/span>\n\t\t\t\t\t\t\t\t\t\t<span class=\"elementor-icon-list-text\">Modulo per la candidatura<\/span>\n\t\t\t\t\t\t\t\t\t\t\t<\/a>\n\t\t\t\t\t\t\t\t\t<\/li>\n\t\t\t\t\t\t<\/ul>\n\t\t\t\t\t\t<\/div>\n\t\t\t\t<\/div>\n\t\t\t\t\t<\/div>\n\t\t<\/div>\n\t\t\t\t<div class=\"elementor-column elementor-col-33 elementor-inner-column elementor-element elementor-element-2ea9fe0\" data-id=\"2ea9fe0\" data-element_type=\"column\">\n\t\t\t<div class=\"elementor-widget-wrap elementor-element-populated\">\n\t\t\t\t\t\t<div class=\"elementor-element elementor-element-fbb0fe6 elementor-icon-list--layout-traditional elementor-list-item-link-full_width elementor-widget elementor-widget-icon-list\" data-id=\"fbb0fe6\" data-element_type=\"widget\" data-widget_type=\"icon-list.default\">\n\t\t\t\t<div class=\"elementor-widget-container\">\n\t\t\t\t\t\t\t<ul class=\"elementor-icon-list-items\">\n\t\t\t\t\t\t\t<li class=\"elementor-icon-list-item\">\n\t\t\t\t\t\t\t\t\t\t\t<a href=\"https:\/\/www.aslroma5.it\/wp-content\/uploads\/2025\/11\/Modalita-di-Espressione-del-Voto-2025.pdf\" title=\"Modalit\u00c3\u00a0 Di Espressione Del Voto\" target=\"_blank\">\n\n\t\t\t\t\t\t\t\t\t\t\t\t<span class=\"elementor-icon-list-icon\">\n\t\t\t\t\t\t\t<svg xmlns=\"http:\/\/www.w3.org\/2000\/svg\" viewBox=\"0 0 512 512\"><path d=\"M288 32c0-17.7-14.3-32-32-32s-32 14.3-32 32l0 242.7-73.4-73.4c-12.5-12.5-32.8-12.5-45.3 0s-12.5 32.8 0 45.3l128 128c12.5 12.5 32.8 12.5 45.3 0l128-128c12.5-12.5 12.5-32.8 0-45.3s-32.8-12.5-45.3 0L288 274.7 288 32zM64 352c-35.3 0-64 28.7-64 64l0 32c0 35.3 28.7 64 64 64l384 0c35.3 0 64-28.7 64-64l0-32c0-35.3-28.7-64-64-64l-101.5 0-45.3 45.3c-25 25-65.5 25-90.5 0L165.5 352 64 352zm368 56a24 24 0 1 1 0 48 24 24 0 1 1 0-48z\"><\/path><\/svg>\t\t\t\t\t\t<\/span>\n\t\t\t\t\t\t\t\t\t\t<span class=\"elementor-icon-list-text\">Modalit\u00e0 di espressione del voto<\/span>\n\t\t\t\t\t\t\t\t\t\t\t<\/a>\n\t\t\t\t\t\t\t\t\t<\/li>\n\t\t\t\t\t\t<\/ul>\n\t\t\t\t\t\t<\/div>\n\t\t\t\t<\/div>\n\t\t\t\t\t<\/div>\n\t\t<\/div>\n\t\t\t\t\t<\/div>\n\t\t<\/section>\n\t\t\t\t<div class=\"elementor-element elementor-element-092d0af elementor-widget elementor-widget-spacer\" data-id=\"092d0af\" data-element_type=\"widget\" data-widget_type=\"spacer.default\">\n\t\t\t\t<div class=\"elementor-widget-container\">\n\t\t\t\t\t\t\t<div class=\"elementor-spacer\">\n\t\t\t<div class=\"elementor-spacer-inner\"><\/div>\n\t\t<\/div>\n\t\t\t\t\t\t<\/div>\n\t\t\t\t<\/div>\n\t\t\t\t<div class=\"elementor-element elementor-element-41a0198 elementor-widget elementor-widget-heading\" data-id=\"41a0198\" data-element_type=\"widget\" data-widget_type=\"heading.default\">\n\t\t\t\t<div class=\"elementor-widget-container\">\n\t\t\t\t\t<h2 class=\"elementor-heading-title elementor-size-default\">COMUNICAZIONI PER I DIPARTIMENTI<\/h2>\t\t\t\t<\/div>\n\t\t\t\t<\/div>\n\t\t\t\t<div class=\"elementor-element elementor-element-732940d elementor-widget elementor-widget-the7-accordion\" data-id=\"732940d\" data-element_type=\"widget\" data-widget_type=\"the7-accordion.default\">\n\t\t\t\t<div class=\"elementor-widget-container\">\n\t\t\t\t\t\t\t<div class=\"elementor-accordion the7-adv-accordion\" data-accordion-type=\"accordion\" role=\"tablist\">\n\t\t\t\t\t\t\t<div class=\"elementor-accordion-item\">\n\t\t\t\t\t<h4 id=\"elementor-tab-title-1201\" class=\"elementor-tab-title the7-accordion-header deactive-default\" data-tab=\"1\" role=\"tab\" aria-controls=\"elementor-tab-content-1201\">\n\n\t\t\t\t\t\t\t\t\t\t\t\t\t<span class=\"elementor-accordion-icon elementor-accordion-icon-left\" aria-hidden=\"true\">\n\t\t\t\t\t\t\t\t\t\t\t\t\t\t\t<span class=\"elementor-accordion-icon-closed\"><i class=\"fas fa-caret-down\"><\/i><\/span>\n\t\t\t\t\t\t\t\t\t\t\t\t\t\t\t\t\t<span class=\"elementor-accordion-icon-opened\"><i class=\"fas fa-caret-up\"><\/i><\/span>\n\t\t\t\t\t\t\t\t\t\t\t\t\t\t\t\t\t\t\t\t\t\t<\/span>\n\t\t\t\t\t\t\t\t\t\t\t\t\t\t\t\t\t\t<a class=\"elementor-accordion-title\" href=\"\">Dipartimento della Funzione Territoriale<\/a>\n\t\t\t\t\t<\/h4>\n\t\t\t\t\t<div id=\"elementor-tab-content-1201\" class=\"elementor-tab-content elementor-clearfix deactive-default\" data-tab=\"1\" role=\"tabpanel\" aria-labelledby=\"elementor-tab-title-1201\"><p><a href=\"https:\/\/www.aslroma5.it\/wp-content\/uploads\/2025\/11\/C1-Dip-Funzione-Territoriale_candidati.pdf\" target=\"_blank\" rel=\"noopener\">Candidati<\/a> (C1)<\/p><p><a href=\"https:\/\/www.aslroma5.it\/wp-content\/uploads\/2025\/11\/D1-Dipartimento-Funzione-Territoriale_.pdf\" title=\"Allegato D1\" target=\"_blank\" rel=\"noopener\">Allegato D1<\/a><\/p><p>&#8212;<\/p><p><a href=\"https:\/\/www.aslroma5.it\/wp-content\/uploads\/2025\/11\/Modalita-di-Espressione-del-Voto-Dip-Funzione-Territoriale-2025.pdf\" target=\"_blank\" rel=\"noopener\">Modalit\u00e0 di espressione del voto<\/a><\/p><\/div>\n\t\t\t\t<\/div>\n\t\t\t\t\t\t\t<div class=\"elementor-accordion-item\">\n\t\t\t\t\t<h4 id=\"elementor-tab-title-1202\" class=\"elementor-tab-title the7-accordion-header\" data-tab=\"2\" role=\"tab\" aria-controls=\"elementor-tab-content-1202\">\n\n\t\t\t\t\t\t\t\t\t\t\t\t\t<span class=\"elementor-accordion-icon elementor-accordion-icon-left\" aria-hidden=\"true\">\n\t\t\t\t\t\t\t\t\t\t\t\t\t\t\t<span class=\"elementor-accordion-icon-closed\"><i class=\"fas fa-caret-down\"><\/i><\/span>\n\t\t\t\t\t\t\t\t\t\t\t\t\t\t\t\t\t<span class=\"elementor-accordion-icon-opened\"><i class=\"fas fa-caret-up\"><\/i><\/span>\n\t\t\t\t\t\t\t\t\t\t\t\t\t\t\t\t\t\t\t\t\t\t<\/span>\n\t\t\t\t\t\t\t\t\t\t\t\t\t\t\t\t\t\t<a class=\"elementor-accordion-title\" href=\"\">DSM-DP<\/a>\n\t\t\t\t\t<\/h4>\n\t\t\t\t\t<div id=\"elementor-tab-content-1202\" class=\"elementor-tab-content elementor-clearfix\" data-tab=\"2\" role=\"tabpanel\" aria-labelledby=\"elementor-tab-title-1202\"><p><a href=\"https:\/\/www.aslroma5.it\/wp-content\/uploads\/2025\/11\/C2A-DSM-DP-Dirigenza-Medica_CANDIDATI-2025.pdf\" title=\"Candidati Dirigenza Medica\" target=\"_blank\" rel=\"noopener\">Candidati Dirigenza Medica<\/a> (C2 A)<\/p><p><a href=\"https:\/\/www.aslroma5.it\/wp-content\/uploads\/2025\/11\/dsm-dp-Allegato-C2-a-1.pdf\" title=\"Candidati Dirigenza Medica Aggiornato\" target=\"_blank\" rel=\"noopener\">Candidati Dirigenza Medica aggiornato<\/a> (C2A 1)<\/p><p><a href=\"https:\/\/www.aslroma5.it\/wp-content\/uploads\/2025\/11\/D2a-dirigenza-medica_2025.pdf\" title=\"Allegato D2 A\" target=\"_blank\" rel=\"noopener\">Allegato D2 A<\/a> &#8211; Dirigenza Medica<\/p><p>&#8212;<\/p><p><a href=\"https:\/\/www.aslroma5.it\/wp-content\/uploads\/2025\/11\/C2b-DSM-DP-Dirigenza-SSPTA_CANDIDATI-2025.pdf\" title=\"Candidati Dirigenza SPTA\" target=\"_blank\" rel=\"noopener\">Candidati Dirigenza SPTA<\/a> (C2 B)<\/p><p><a href=\"https:\/\/www.aslroma5.it\/wp-content\/uploads\/2025\/11\/D2b-dirigenza-SPTA_2025.pdf\" title=\"Allegato D2 B\" target=\"_blank\" rel=\"noopener\">Allegato D2 B<\/a> &#8211; Dirigenza SPTA<\/p><p>&#8212;<\/p><p><a href=\"https:\/\/www.aslroma5.it\/wp-content\/uploads\/2025\/11\/Modalita-di-Espressione-del-Voto-DSM-DP-2025.pdf\" target=\"_blank\" rel=\"noopener\">Modalit\u00e0 di espressione del voto<\/a><\/p><\/div>\n\t\t\t\t<\/div>\n\t\t\t\t\t\t\t<div class=\"elementor-accordion-item\">\n\t\t\t\t\t<h4 id=\"elementor-tab-title-1203\" class=\"elementor-tab-title the7-accordion-header\" data-tab=\"3\" role=\"tab\" aria-controls=\"elementor-tab-content-1203\">\n\n\t\t\t\t\t\t\t\t\t\t\t\t\t<span class=\"elementor-accordion-icon elementor-accordion-icon-left\" aria-hidden=\"true\">\n\t\t\t\t\t\t\t\t\t\t\t\t\t\t\t<span class=\"elementor-accordion-icon-closed\"><i class=\"fas fa-caret-down\"><\/i><\/span>\n\t\t\t\t\t\t\t\t\t\t\t\t\t\t\t\t\t<span class=\"elementor-accordion-icon-opened\"><i class=\"fas fa-caret-up\"><\/i><\/span>\n\t\t\t\t\t\t\t\t\t\t\t\t\t\t\t\t\t\t\t\t\t\t<\/span>\n\t\t\t\t\t\t\t\t\t\t\t\t\t\t\t\t\t\t<a class=\"elementor-accordion-title\" href=\"\">Dipartimento di Prevenzione<\/a>\n\t\t\t\t\t<\/h4>\n\t\t\t\t\t<div id=\"elementor-tab-content-1203\" class=\"elementor-tab-content elementor-clearfix\" data-tab=\"3\" role=\"tabpanel\" aria-labelledby=\"elementor-tab-title-1203\"><p><a href=\"https:\/\/www.aslroma5.it\/wp-content\/uploads\/2025\/11\/E2-Dip-Prevenzione-2025.pdf\" target=\"_blank\" rel=\"noopener\">Candidati<\/a> (E2)<\/p><\/div>\n\t\t\t\t<\/div>\n\t\t\t\t\t\t\t<div class=\"elementor-accordion-item\">\n\t\t\t\t\t<h4 id=\"elementor-tab-title-1204\" class=\"elementor-tab-title the7-accordion-header\" data-tab=\"4\" role=\"tab\" aria-controls=\"elementor-tab-content-1204\">\n\n\t\t\t\t\t\t\t\t\t\t\t\t\t<span class=\"elementor-accordion-icon elementor-accordion-icon-left\" aria-hidden=\"true\">\n\t\t\t\t\t\t\t\t\t\t\t\t\t\t\t<span class=\"elementor-accordion-icon-closed\"><i class=\"fas fa-caret-down\"><\/i><\/span>\n\t\t\t\t\t\t\t\t\t\t\t\t\t\t\t\t\t<span class=\"elementor-accordion-icon-opened\"><i class=\"fas fa-caret-up\"><\/i><\/span>\n\t\t\t\t\t\t\t\t\t\t\t\t\t\t\t\t\t\t\t\t\t\t<\/span>\n\t\t\t\t\t\t\t\t\t\t\t\t\t\t\t\t\t\t<a class=\"elementor-accordion-title\" href=\"\">Dipartimento Materno Infantile<\/a>\n\t\t\t\t\t<\/h4>\n\t\t\t\t\t<div id=\"elementor-tab-content-1204\" class=\"elementor-tab-content elementor-clearfix\" data-tab=\"4\" role=\"tabpanel\" aria-labelledby=\"elementor-tab-title-1204\"><p><a href=\"https:\/\/www.aslroma5.it\/wp-content\/uploads\/2025\/11\/E3-Dip-Materno-Infantile-2025.pdf\" target=\"_blank\" rel=\"noopener\">Candidati<\/a> (E3)<\/p><\/div>\n\t\t\t\t<\/div>\n\t\t\t\t\t\t\t<div class=\"elementor-accordion-item\">\n\t\t\t\t\t<h4 id=\"elementor-tab-title-1205\" class=\"elementor-tab-title the7-accordion-header\" data-tab=\"5\" role=\"tab\" aria-controls=\"elementor-tab-content-1205\">\n\n\t\t\t\t\t\t\t\t\t\t\t\t\t<span class=\"elementor-accordion-icon elementor-accordion-icon-left\" aria-hidden=\"true\">\n\t\t\t\t\t\t\t\t\t\t\t\t\t\t\t<span class=\"elementor-accordion-icon-closed\"><i class=\"fas fa-caret-down\"><\/i><\/span>\n\t\t\t\t\t\t\t\t\t\t\t\t\t\t\t\t\t<span class=\"elementor-accordion-icon-opened\"><i class=\"fas fa-caret-up\"><\/i><\/span>\n\t\t\t\t\t\t\t\t\t\t\t\t\t\t\t\t\t\t\t\t\t\t<\/span>\n\t\t\t\t\t\t\t\t\t\t\t\t\t\t\t\t\t\t<a class=\"elementor-accordion-title\" href=\"\">Dipartimento di Emergenza<\/a>\n\t\t\t\t\t<\/h4>\n\t\t\t\t\t<div id=\"elementor-tab-content-1205\" class=\"elementor-tab-content elementor-clearfix\" data-tab=\"5\" role=\"tabpanel\" aria-labelledby=\"elementor-tab-title-1205\"><p><a href=\"https:\/\/www.aslroma5.it\/wp-content\/uploads\/2025\/11\/E8-Dip-Emergenza-2025.pdf\" target=\"_blank\" rel=\"noopener\">Candidati<\/a> (E8)<\/p><\/div>\n\t\t\t\t<\/div>\n\t\t\t\t\t\t\t<div class=\"elementor-accordion-item\">\n\t\t\t\t\t<h4 id=\"elementor-tab-title-1206\" class=\"elementor-tab-title the7-accordion-header\" data-tab=\"6\" role=\"tab\" aria-controls=\"elementor-tab-content-1206\">\n\n\t\t\t\t\t\t\t\t\t\t\t\t\t<span class=\"elementor-accordion-icon elementor-accordion-icon-left\" aria-hidden=\"true\">\n\t\t\t\t\t\t\t\t\t\t\t\t\t\t\t<span class=\"elementor-accordion-icon-closed\"><i class=\"fas fa-caret-down\"><\/i><\/span>\n\t\t\t\t\t\t\t\t\t\t\t\t\t\t\t\t\t<span class=\"elementor-accordion-icon-opened\"><i class=\"fas fa-caret-up\"><\/i><\/span>\n\t\t\t\t\t\t\t\t\t\t\t\t\t\t\t\t\t\t\t\t\t\t<\/span>\n\t\t\t\t\t\t\t\t\t\t\t\t\t\t\t\t\t\t<a class=\"elementor-accordion-title\" href=\"\">Dipartimento di Medicina<\/a>\n\t\t\t\t\t<\/h4>\n\t\t\t\t\t<div id=\"elementor-tab-content-1206\" class=\"elementor-tab-content elementor-clearfix\" data-tab=\"6\" role=\"tabpanel\" aria-labelledby=\"elementor-tab-title-1206\"><p><a href=\"https:\/\/www.aslroma5.it\/wp-content\/uploads\/2025\/11\/E4-Dip-Medicina-2025.pdf\" target=\"_blank\" rel=\"noopener\">Candidati<\/a> (E4)<\/p><\/div>\n\t\t\t\t<\/div>\n\t\t\t\t\t\t\t<div class=\"elementor-accordion-item\">\n\t\t\t\t\t<h4 id=\"elementor-tab-title-1207\" class=\"elementor-tab-title the7-accordion-header\" data-tab=\"7\" role=\"tab\" aria-controls=\"elementor-tab-content-1207\">\n\n\t\t\t\t\t\t\t\t\t\t\t\t\t<span class=\"elementor-accordion-icon elementor-accordion-icon-left\" aria-hidden=\"true\">\n\t\t\t\t\t\t\t\t\t\t\t\t\t\t\t<span class=\"elementor-accordion-icon-closed\"><i class=\"fas fa-caret-down\"><\/i><\/span>\n\t\t\t\t\t\t\t\t\t\t\t\t\t\t\t\t\t<span class=\"elementor-accordion-icon-opened\"><i class=\"fas fa-caret-up\"><\/i><\/span>\n\t\t\t\t\t\t\t\t\t\t\t\t\t\t\t\t\t\t\t\t\t\t<\/span>\n\t\t\t\t\t\t\t\t\t\t\t\t\t\t\t\t\t\t<a class=\"elementor-accordion-title\" href=\"\">Dipartimento di Chirurgia<\/a>\n\t\t\t\t\t<\/h4>\n\t\t\t\t\t<div id=\"elementor-tab-content-1207\" class=\"elementor-tab-content elementor-clearfix\" data-tab=\"7\" role=\"tabpanel\" aria-labelledby=\"elementor-tab-title-1207\"><p><a href=\"https:\/\/www.aslroma5.it\/wp-content\/uploads\/2025\/11\/E5-Dip-Chirurgia-2025.pdf\" target=\"_blank\" rel=\"noopener\">Candidati<\/a> (E5)<\/p><p><a href=\"https:\/\/www.aslroma5.it\/wp-content\/uploads\/2025\/11\/chirurgia-Allegato-E5-a.pdf\" target=\"_blank\" rel=\"noopener\">Candidati<\/a> (E5 A)<\/p><\/div>\n\t\t\t\t<\/div>\n\t\t\t\t\t\t\t<div class=\"elementor-accordion-item\">\n\t\t\t\t\t<h4 id=\"elementor-tab-title-1208\" class=\"elementor-tab-title the7-accordion-header\" data-tab=\"8\" role=\"tab\" aria-controls=\"elementor-tab-content-1208\">\n\n\t\t\t\t\t\t\t\t\t\t\t\t\t<span class=\"elementor-accordion-icon elementor-accordion-icon-left\" aria-hidden=\"true\">\n\t\t\t\t\t\t\t\t\t\t\t\t\t\t\t<span class=\"elementor-accordion-icon-closed\"><i class=\"fas fa-caret-down\"><\/i><\/span>\n\t\t\t\t\t\t\t\t\t\t\t\t\t\t\t\t\t<span class=\"elementor-accordion-icon-opened\"><i class=\"fas fa-caret-up\"><\/i><\/span>\n\t\t\t\t\t\t\t\t\t\t\t\t\t\t\t\t\t\t\t\t\t\t<\/span>\n\t\t\t\t\t\t\t\t\t\t\t\t\t\t\t\t\t\t<a class=\"elementor-accordion-title\" href=\"\">Dipartimento dei Servizi<\/a>\n\t\t\t\t\t<\/h4>\n\t\t\t\t\t<div id=\"elementor-tab-content-1208\" class=\"elementor-tab-content elementor-clearfix\" data-tab=\"8\" role=\"tabpanel\" aria-labelledby=\"elementor-tab-title-1208\"><p><a href=\"https:\/\/www.aslroma5.it\/wp-content\/uploads\/2025\/11\/E6-Dip-dei-Servizi-2025.pdf\" target=\"_blank\" rel=\"noopener\">Candidati<\/a> (E6)<\/p><p><a href=\"https:\/\/www.aslroma5.it\/wp-content\/uploads\/2025\/11\/Dip.-dei-Servizi-Allegato-E6-candidati-Aggiornato2025.pdf\" target=\"_blank\" rel=\"noopener\">Candidati<\/a> (E6) aggiornato<\/p><\/div>\n\t\t\t\t<\/div>\n\t\t\t\t\t\t\t<div class=\"elementor-accordion-item\">\n\t\t\t\t\t<h4 id=\"elementor-tab-title-1209\" class=\"elementor-tab-title the7-accordion-header\" data-tab=\"9\" role=\"tab\" aria-controls=\"elementor-tab-content-1209\">\n\n\t\t\t\t\t\t\t\t\t\t\t\t\t<span class=\"elementor-accordion-icon elementor-accordion-icon-left\" aria-hidden=\"true\">\n\t\t\t\t\t\t\t\t\t\t\t\t\t\t\t<span class=\"elementor-accordion-icon-closed\"><i class=\"fas fa-caret-down\"><\/i><\/span>\n\t\t\t\t\t\t\t\t\t\t\t\t\t\t\t\t\t<span class=\"elementor-accordion-icon-opened\"><i class=\"fas fa-caret-up\"><\/i><\/span>\n\t\t\t\t\t\t\t\t\t\t\t\t\t\t\t\t\t\t\t\t\t\t<\/span>\n\t\t\t\t\t\t\t\t\t\t\t\t\t\t\t\t\t\t<a class=\"elementor-accordion-title\" href=\"\">Dipartimento delle Professioni Sanitarie e Sociali<\/a>\n\t\t\t\t\t<\/h4>\n\t\t\t\t\t<div id=\"elementor-tab-content-1209\" class=\"elementor-tab-content elementor-clearfix\" data-tab=\"9\" role=\"tabpanel\" aria-labelledby=\"elementor-tab-title-1209\"><p><a href=\"https:\/\/www.aslroma5.it\/wp-content\/uploads\/2025\/11\/E7-Dip-Prof-Sanitarie-e-Sociali-2025.pdf\" target=\"_blank\" rel=\"noopener\">Candidati<\/a> (E7)<\/p><\/div>\n\t\t\t\t<\/div>\n\t\t\t\t\t\t\t<div class=\"elementor-accordion-item\">\n\t\t\t\t\t<h4 id=\"elementor-tab-title-12010\" class=\"elementor-tab-title the7-accordion-header\" data-tab=\"10\" role=\"tab\" aria-controls=\"elementor-tab-content-12010\">\n\n\t\t\t\t\t\t\t\t\t\t\t\t\t<span class=\"elementor-accordion-icon elementor-accordion-icon-left\" aria-hidden=\"true\">\n\t\t\t\t\t\t\t\t\t\t\t\t\t\t\t<span class=\"elementor-accordion-icon-closed\"><i class=\"fas fa-caret-down\"><\/i><\/span>\n\t\t\t\t\t\t\t\t\t\t\t\t\t\t\t\t\t<span class=\"elementor-accordion-icon-opened\"><i class=\"fas fa-caret-up\"><\/i><\/span>\n\t\t\t\t\t\t\t\t\t\t\t\t\t\t\t\t\t\t\t\t\t\t<\/span>\n\t\t\t\t\t\t\t\t\t\t\t\t\t\t\t\t\t\t<a class=\"elementor-accordion-title\" href=\"\">Dipartimento di Staff alla Direzione Strategica<\/a>\n\t\t\t\t\t<\/h4>\n\t\t\t\t\t<div id=\"elementor-tab-content-12010\" class=\"elementor-tab-content elementor-clearfix\" data-tab=\"10\" role=\"tabpanel\" aria-labelledby=\"elementor-tab-title-12010\"><p><a href=\"https:\/\/www.aslroma5.it\/wp-content\/uploads\/2025\/11\/E1-Dip-Staff-alla-Direzione-Strategica-2025.pdf\" target=\"_blank\" rel=\"noopener\">Candidati<\/a> (E1)<\/p><\/div>\n\t\t\t\t<\/div>\n\t\t\t\t\t\t\t<div class=\"elementor-accordion-item\">\n\t\t\t\t\t<h4 id=\"elementor-tab-title-12011\" class=\"elementor-tab-title the7-accordion-header\" data-tab=\"11\" role=\"tab\" aria-controls=\"elementor-tab-content-12011\">\n\n\t\t\t\t\t\t\t\t\t\t\t\t\t<span class=\"elementor-accordion-icon elementor-accordion-icon-left\" aria-hidden=\"true\">\n\t\t\t\t\t\t\t\t\t\t\t\t\t\t\t<span class=\"elementor-accordion-icon-closed\"><i class=\"fas fa-caret-down\"><\/i><\/span>\n\t\t\t\t\t\t\t\t\t\t\t\t\t\t\t\t\t<span class=\"elementor-accordion-icon-opened\"><i class=\"fas fa-caret-up\"><\/i><\/span>\n\t\t\t\t\t\t\t\t\t\t\t\t\t\t\t\t\t\t\t\t\t\t<\/span>\n\t\t\t\t\t\t\t\t\t\t\t\t\t\t\t\t\t\t<a class=\"elementor-accordion-title\" href=\"\">Dipartimento Amministrativo<\/a>\n\t\t\t\t\t<\/h4>\n\t\t\t\t\t<div id=\"elementor-tab-content-12011\" class=\"elementor-tab-content elementor-clearfix\" data-tab=\"11\" role=\"tabpanel\" aria-labelledby=\"elementor-tab-title-12011\"><p><a href=\"https:\/\/www.aslroma5.it\/wp-content\/uploads\/2025\/11\/E9-Dip-Amministrativo-2025.pdf\" target=\"_blank\" rel=\"noopener\">Candidati<\/a> (E9)<\/p><\/div>\n\t\t\t\t<\/div>\n\t\t\t\t\t\t\t<div class=\"elementor-accordion-item\">\n\t\t\t\t\t<h4 id=\"elementor-tab-title-12012\" class=\"elementor-tab-title the7-accordion-header\" data-tab=\"12\" role=\"tab\" aria-controls=\"elementor-tab-content-12012\">\n\n\t\t\t\t\t\t\t\t\t\t\t\t\t<span class=\"elementor-accordion-icon elementor-accordion-icon-left\" aria-hidden=\"true\">\n\t\t\t\t\t\t\t\t\t\t\t\t\t\t\t<span class=\"elementor-accordion-icon-closed\"><i class=\"fas fa-caret-down\"><\/i><\/span>\n\t\t\t\t\t\t\t\t\t\t\t\t\t\t\t\t\t<span class=\"elementor-accordion-icon-opened\"><i class=\"fas fa-caret-up\"><\/i><\/span>\n\t\t\t\t\t\t\t\t\t\t\t\t\t\t\t\t\t\t\t\t\t\t<\/span>\n\t\t\t\t\t\t\t\t\t\t\t\t\t\t\t\t\t\t<a class=\"elementor-accordion-title\" href=\"\">Dipartimento Tecnico e della Committenza<\/a>\n\t\t\t\t\t<\/h4>\n\t\t\t\t\t<div id=\"elementor-tab-content-12012\" class=\"elementor-tab-content elementor-clearfix\" data-tab=\"12\" role=\"tabpanel\" aria-labelledby=\"elementor-tab-title-12012\"><p><a href=\"https:\/\/www.aslroma5.it\/wp-content\/uploads\/2025\/11\/C3-Dip-Tecnico-e-della-Committenza_CANDIDATI-2025.pdf\" title=\"Candidati\" target=\"_blank\" rel=\"noopener\">Candidati<\/a> (C3)<\/p><p><a href=\"https:\/\/www.aslroma5.it\/wp-content\/uploads\/2025\/11\/D3-Dip-Tecnico-e-della-Committenza-2025.pdf\" title=\"Allegato D3\" target=\"_blank\" rel=\"noopener\">Allegato D3<\/a><\/p><p>&#8212;<\/p><p><a href=\"https:\/\/www.aslroma5.it\/wp-content\/uploads\/2025\/11\/Modalita-di-Espressione-del-Voto-Dip-Tecnico-e-della-Committenza-2025.pdf\" title=\"Modalit\u00c3\u00a0 Di Espressione Del Voto\" target=\"_blank\" rel=\"noopener\">Modalit\u00e0 di espressione del voto<\/a><\/p><\/div>\n\t\t\t\t<\/div>\n\t\t\t\t\t<\/div>\n\t\t\t\t\t\t<\/div>\n\t\t\t\t<\/div>\n\t\t\t\t\t<\/div>\n\t\t<\/div>\n\t\t\t\t\t<\/div>\n\t\t<\/section>\n\t\t\t\t<\/div>\n\t\t","protected":false},"excerpt":{"rendered":"<p>Il Comitato di Dipartimento, ai sensi di quanto previsto dall&#8217;art.17-bis del d.lgs n.502\/1992 e s.m.i., \u00e8 un organismo collegiale consultivo con funzioni di indirizzo e verifica i cui componenti sono: il direttore del Dipartimento, che lo presiede; i direttori delle unit\u00e0 operative complesse; i dirigenti delle unit\u00e0 operative semplici dipartimentali; i rappresentanti dell&#8217;Area dei Professionisti&hellip;<\/p>\n","protected":false},"author":1,"featured_media":0,"parent":0,"menu_order":0,"comment_status":"closed","ping_status":"closed","template":"","meta":{"_acf_changed":false,"inline_featured_image":false,"footnotes":""},"class_list":["post-91772","page","type-page","status-publish","hentry"],"acf":{"galleria":""},"yoast_head":"<!-- This site is optimized with the Yoast SEO plugin v25.5 - https:\/\/yoast.com\/wordpress\/plugins\/seo\/ -->\n<title>Comitati di Dipartimento Anno 2025 - ASL ROMA 5<\/title>\n<meta name=\"robots\" content=\"index, follow, max-snippet:-1, max-image-preview:large, max-video-preview:-1\" \/>\n<link rel=\"canonical\" href=\"https:\/\/www.aslroma5.it\/comitati-di-dipartimento-anno-2025\/\" \/>\n<meta property=\"og:locale\" content=\"it_IT\" \/>\n<meta property=\"og:type\" content=\"article\" \/>\n<meta property=\"og:title\" content=\"Comitati di Dipartimento Anno 2025 - ASL ROMA 5\" \/>\n<meta property=\"og:description\" content=\"Il Comitato di Dipartimento, ai sensi di quanto previsto dall&#8217;art.17-bis del d.lgs n.502\/1992 e s.m.i., \u00e8 un organismo collegiale consultivo con funzioni di indirizzo e verifica i cui componenti sono: il direttore del Dipartimento, che lo presiede; i direttori delle unit\u00e0 operative complesse; i dirigenti delle unit\u00e0 operative semplici dipartimentali; i rappresentanti dell&#8217;Area dei Professionisti&hellip;\" \/>\n<meta property=\"og:url\" content=\"https:\/\/www.aslroma5.it\/comitati-di-dipartimento-anno-2025\/\" \/>\n<meta property=\"og:site_name\" content=\"ASL ROMA 5\" \/>\n<meta property=\"article:modified_time\" content=\"2025-11-25T14:36:05+00:00\" \/>\n<meta name=\"twitter:card\" content=\"summary_large_image\" \/>\n<meta name=\"twitter:label1\" content=\"Tempo di lettura stimato\" \/>\n\t<meta name=\"twitter:data1\" content=\"4 minuti\" \/>\n<script type=\"application\/ld+json\" class=\"yoast-schema-graph\">{\"@context\":\"https:\/\/schema.org\",\"@graph\":[{\"@type\":\"WebPage\",\"@id\":\"https:\/\/www.aslroma5.it\/comitati-di-dipartimento-anno-2025\/\",\"url\":\"https:\/\/www.aslroma5.it\/comitati-di-dipartimento-anno-2025\/\",\"name\":\"Comitati di Dipartimento Anno 2025 - ASL ROMA 5\",\"isPartOf\":{\"@id\":\"https:\/\/www.aslroma5.it\/#website\"},\"datePublished\":\"2025-11-03T13:40:17+00:00\",\"dateModified\":\"2025-11-25T14:36:05+00:00\",\"breadcrumb\":{\"@id\":\"https:\/\/www.aslroma5.it\/comitati-di-dipartimento-anno-2025\/#breadcrumb\"},\"inLanguage\":\"it-IT\",\"potentialAction\":[{\"@type\":\"ReadAction\",\"target\":[\"https:\/\/www.aslroma5.it\/comitati-di-dipartimento-anno-2025\/\"]}]},{\"@type\":\"BreadcrumbList\",\"@id\":\"https:\/\/www.aslroma5.it\/comitati-di-dipartimento-anno-2025\/#breadcrumb\",\"itemListElement\":[{\"@type\":\"ListItem\",\"position\":1,\"name\":\"Home\",\"item\":\"https:\/\/www.aslroma5.it\/\"},{\"@type\":\"ListItem\",\"position\":2,\"name\":\"Comitati di Dipartimento Anno 2025\"}]},{\"@type\":\"WebSite\",\"@id\":\"https:\/\/www.aslroma5.it\/#website\",\"url\":\"https:\/\/www.aslroma5.it\/\",\"name\":\"ASL ROMA 5\",\"description\":\"\",\"publisher\":{\"@id\":\"https:\/\/www.aslroma5.it\/#organization\"},\"potentialAction\":[{\"@type\":\"SearchAction\",\"target\":{\"@type\":\"EntryPoint\",\"urlTemplate\":\"https:\/\/www.aslroma5.it\/?s={search_term_string}\"},\"query-input\":{\"@type\":\"PropertyValueSpecification\",\"valueRequired\":true,\"valueName\":\"search_term_string\"}}],\"inLanguage\":\"it-IT\"},{\"@type\":\"Organization\",\"@id\":\"https:\/\/www.aslroma5.it\/#organization\",\"name\":\"ASL ROMA 5\",\"url\":\"https:\/\/www.aslroma5.it\/\",\"logo\":{\"@type\":\"ImageObject\",\"inLanguage\":\"it-IT\",\"@id\":\"https:\/\/www.aslroma5.it\/#\/schema\/logo\/image\/\",\"url\":\"https:\/\/www.aslroma5.it\/wp-content\/uploads\/2025\/07\/asl-roma5-logo-25.svg\",\"contentUrl\":\"https:\/\/www.aslroma5.it\/wp-content\/uploads\/2025\/07\/asl-roma5-logo-25.svg\",\"width\":328,\"height\":112,\"caption\":\"ASL ROMA 5\"},\"image\":{\"@id\":\"https:\/\/www.aslroma5.it\/#\/schema\/logo\/image\/\"}}]}<\/script>\n<!-- \/ Yoast SEO plugin. -->","yoast_head_json":{"title":"Comitati di Dipartimento Anno 2025 - ASL ROMA 5","robots":{"index":"index","follow":"follow","max-snippet":"max-snippet:-1","max-image-preview":"max-image-preview:large","max-video-preview":"max-video-preview:-1"},"canonical":"https:\/\/www.aslroma5.it\/comitati-di-dipartimento-anno-2025\/","og_locale":"it_IT","og_type":"article","og_title":"Comitati di Dipartimento Anno 2025 - ASL ROMA 5","og_description":"Il Comitato di Dipartimento, ai sensi di quanto previsto dall&#8217;art.17-bis del d.lgs n.502\/1992 e s.m.i., \u00e8 un organismo collegiale consultivo con funzioni di indirizzo e verifica i cui componenti sono: il direttore del Dipartimento, che lo presiede; i direttori delle unit\u00e0 operative complesse; i dirigenti delle unit\u00e0 operative semplici dipartimentali; i rappresentanti dell&#8217;Area dei Professionisti&hellip;","og_url":"https:\/\/www.aslroma5.it\/comitati-di-dipartimento-anno-2025\/","og_site_name":"ASL ROMA 5","article_modified_time":"2025-11-25T14:36:05+00:00","twitter_card":"summary_large_image","twitter_misc":{"Tempo di lettura stimato":"4 minuti"},"schema":{"@context":"https:\/\/schema.org","@graph":[{"@type":"WebPage","@id":"https:\/\/www.aslroma5.it\/comitati-di-dipartimento-anno-2025\/","url":"https:\/\/www.aslroma5.it\/comitati-di-dipartimento-anno-2025\/","name":"Comitati di Dipartimento Anno 2025 - ASL ROMA 5","isPartOf":{"@id":"https:\/\/www.aslroma5.it\/#website"},"datePublished":"2025-11-03T13:40:17+00:00","dateModified":"2025-11-25T14:36:05+00:00","breadcrumb":{"@id":"https:\/\/www.aslroma5.it\/comitati-di-dipartimento-anno-2025\/#breadcrumb"},"inLanguage":"it-IT","potentialAction":[{"@type":"ReadAction","target":["https:\/\/www.aslroma5.it\/comitati-di-dipartimento-anno-2025\/"]}]},{"@type":"BreadcrumbList","@id":"https:\/\/www.aslroma5.it\/comitati-di-dipartimento-anno-2025\/#breadcrumb","itemListElement":[{"@type":"ListItem","position":1,"name":"Home","item":"https:\/\/www.aslroma5.it\/"},{"@type":"ListItem","position":2,"name":"Comitati di Dipartimento Anno 2025"}]},{"@type":"WebSite","@id":"https:\/\/www.aslroma5.it\/#website","url":"https:\/\/www.aslroma5.it\/","name":"ASL ROMA 5","description":"","publisher":{"@id":"https:\/\/www.aslroma5.it\/#organization"},"potentialAction":[{"@type":"SearchAction","target":{"@type":"EntryPoint","urlTemplate":"https:\/\/www.aslroma5.it\/?s={search_term_string}"},"query-input":{"@type":"PropertyValueSpecification","valueRequired":true,"valueName":"search_term_string"}}],"inLanguage":"it-IT"},{"@type":"Organization","@id":"https:\/\/www.aslroma5.it\/#organization","name":"ASL ROMA 5","url":"https:\/\/www.aslroma5.it\/","logo":{"@type":"ImageObject","inLanguage":"it-IT","@id":"https:\/\/www.aslroma5.it\/#\/schema\/logo\/image\/","url":"https:\/\/www.aslroma5.it\/wp-content\/uploads\/2025\/07\/asl-roma5-logo-25.svg","contentUrl":"https:\/\/www.aslroma5.it\/wp-content\/uploads\/2025\/07\/asl-roma5-logo-25.svg","width":328,"height":112,"caption":"ASL ROMA 5"},"image":{"@id":"https:\/\/www.aslroma5.it\/#\/schema\/logo\/image\/"}}]}},"publishpress_future_action":{"enabled":false,"date":"2026-05-09 15:01:53","action":"change-status","newStatus":"draft","terms":[],"taxonomy":"frm_application","extraData":[]},"publishpress_future_workflow_manual_trigger":{"enabledWorkflows":[]},"_links":{"self":[{"href":"https:\/\/www.aslroma5.it\/api\/wp\/v2\/pages\/91772","targetHints":{"allow":["GET"]}}],"collection":[{"href":"https:\/\/www.aslroma5.it\/api\/wp\/v2\/pages"}],"about":[{"href":"https:\/\/www.aslroma5.it\/api\/wp\/v2\/types\/page"}],"author":[{"embeddable":true,"href":"https:\/\/www.aslroma5.it\/api\/wp\/v2\/users\/1"}],"replies":[{"embeddable":true,"href":"https:\/\/www.aslroma5.it\/api\/wp\/v2\/comments?post=91772"}],"version-history":[{"count":0,"href":"https:\/\/www.aslroma5.it\/api\/wp\/v2\/pages\/91772\/revisions"}],"wp:attachment":[{"href":"https:\/\/www.aslroma5.it\/api\/wp\/v2\/media?parent=91772"}],"curies":[{"name":"wp","href":"https:\/\/api.w.org\/{rel}","templated":true}]}}