{"id":57768,"date":"2026-04-01T13:32:28","date_gmt":"2026-04-01T11:32:28","guid":{"rendered":"https:\/\/www.aslroma5.info\/new2021\/?post_type=strutture&#038;p=57768"},"modified":"2026-04-23T11:11:34","modified_gmt":"2026-04-23T09:11:34","slug":"uosd-assistenza-protesica-e-integrativa","status":"publish","type":"strutture","link":"https:\/\/www.aslroma5.it\/strutture\/uosd-assistenza-protesica-e-integrativa\/","title":{"rendered":"U.O.S.D. Assistenza Protesica e Integrativa"},"content":{"rendered":"<p><strong>Descrizione e finalit\u00e0 del servizio:<\/strong><\/p>\n<p>Il SSN garantisce\u00a0 attraverso l\u2019Assistenza Protesica l\u2019erogazione di protesi, ortesi, ausili alle categorie di persone previste dal DPCM 12 gennaio 2017, che definisce i nuovi LEA<\/p>\n<p>L\u2019Assistenza protesica \u00e8 strutturata in Servizi a competenza territoriale coincidenti con i sei distretti:<\/p>\n<p><a href=\"https:\/\/www.aslroma5.it\/servizi_distrettuali\/assistenza-protesica-distretto-di-colleferro\/\" title=\"Distretto Di Colleferro\" target=\"_blank\" rel=\"noopener\">Distretto di Colleferro<\/a><br \/>\n<a href=\"https:\/\/www.aslroma5.it\/servizi_distrettuali\/assistenza-protesica-distretto-di-monterotondo\/\" title=\"Distretto Di Monterotondo\" target=\"_blank\" rel=\"noopener\">Distretto di Monterotondo<\/a><br \/>\n<a href=\"https:\/\/www.aslroma5.it\/servizi_distrettuali\/assistenza-protesica-distretto-di-palestrina\/\" title=\"Distretto Di Palestrina\" target=\"_blank\" rel=\"noopener\">Distretto di Palestrina<\/a><br \/>\n<a href=\"https:\/\/www.aslroma5.it\/servizi_distrettuali\/assistenza-protesica-distretto-di-subiaco\/\" title=\"Distretto Di Subiaco\" target=\"_blank\" rel=\"noopener\">Distretto di Subiaco<\/a><br \/>\n<a href=\"https:\/\/www.aslroma5.it\/servizi_distrettuali\/assistenza-protesica-distretto-di-tivoli\/\" title=\"Distretto Di Tivoli\" target=\"_blank\" rel=\"noopener\">Distretto di Tivoli<\/a><br \/>\n<a href=\"https:\/\/www.aslroma5.it\/servizi_distrettuali\/assistenza-protesica-casa-della-salute-di-zagarolo\/\" title=\"Casa Della Salute Di Zagarolo\" target=\"_blank\" rel=\"noopener\">Casa della salute di Zagarolo<\/a><\/p>\n<p><span style=\"text-decoration: underline;\">Aventi Diritto<\/span><\/p>\n<p>I RESIDENTI\u00a0 che si trovino in una delle seguenti condizioni:<\/p>\n<ul>\n<li>invalidi civili con invalidit\u00e0 pari o superiore al 34% con patologia correlata alla richiesta, invalidi di guerra, per servizio, le persone con cecit\u00e0 totale o parziale o ipovedenti gravi\u00a0 accertate da apposite commissioni<\/li>\n<li>I minori di anni 18 che necessitano di un intervento di prevenzione, cura e riabilitazione di un\u2019invalidit\u00e0 grave e permanente;<\/li>\n<li>le persone affette da gravissime patologie evolutive o degenerative che hanno determinato menomazioni permanenti insorte in epoca successiva al riconoscimento dell\u2019invalidit\u00e0, accertate dal medico specialista;<\/li>\n<li>le persone amputate di un arto, le donne con malformazione congenita che comporti l&#8217;assenza di una o di entrambe le mammelle o della sola ghiandola mammaria ovvero che abbiano subito un intervento di mastectomia e le persone che abbiano subito un intervento demolitore dell&#8217;occhio,<\/li>\n<li>le persone in attesa del riconoscimento che si trovino nelle\u00a0 condizioni previste dall\u2019art. 1 della legge 11 febbraio 1980 (indennit\u00e0 di accompagnamento);<\/li>\n<li>le persone in attesa di accertamento dell\u2019invalidit\u00e0 per i quali il medico specialista prescrittore attesti la necessit\u00e0 e urgenza di una protesi, di una ortesi o di un ausilio per la tempestiva attivazione di un piano riabilitativo-assistenziale, in relazione alle menomazioni certificate ai fini del riconoscimento dell\u2019invalidit\u00e0;<\/li>\n<li>le persone\u00a0 ricoverate in una struttura sanitaria accreditata, pubblica o privata, per le quali il medico responsabile dell&#8217;unit\u00e0 operativa certifichi la presenza di una menomazione grave e permanente e la necessit\u00e0 e l&#8217;urgenza dell&#8217;applicazione di una protesi, di una ortesi, o di un ausilio\u00a0 prima della dimissione, per l&#8217;attivazione tempestiva o la conduzione del piano riabilitativo-assistenziale. Contestualmente deve essere presentata la domanda di invalidit\u00e0 civile;<\/li>\n<li>le persone affette da una malattia rara di cui all&#8217;allegato 7 del DPCM 12\/01\/2017, in relazione alle menomazioni correlate alla malattia<\/li>\n<li>le persone con grave disabilit\u00e0 transitoria, assistite in regime di ospedalizzazione domiciliare, di dimissione protetta, o di assistenza domiciliare integrata, su prescrizione dello specialista, per un periodo massimo di 60 gg, eventualmente prorogabile, nei casi in cui le medesime regioni o aziende sanitarie locali abbiano attivato servizi di riutilizzo dei dispositivi di serie di cui all&#8217;elenco 2B dell&#8217;allegato 5 del DPCM 12\/01\/2017<\/li>\n<li>le persone tracheostomizzate, ileostomizzate, colostomizzate e urostomizzate, coloro\u00a0 che necessitano permanentemente di cateterismo, agli assistiti affetti da grave incontinenza urinaria o fecale cronica\u00a0 e agli assistiti affetti da patologia cronica grave che obbliga all&#8217;allettamento, sono garantite le prestazioni che comportano l&#8217;erogazione dei dispositivi medici monouso:\n<ul>\n<li>ausili per tracheostomia<\/li>\n<li>ausili per stomia<\/li>\n<li>convogliatori urinari<\/li>\n<li>raccoglitori di urina<\/li>\n<li>ausili assorbenti l&#8217;urina e altre deiezioni<\/li>\n<\/ul>\n<\/li>\n<\/ul>\n<p>\u00c8 sufficiente la prescrizione del medico specialista del SSN , dipendente o convenzionato, competente per la specifica menomazione<\/p>\n<p><strong>Prestazioni erogate:<\/strong><\/p>\n<ul>\n<li>Attivit\u00e0 di front office negli orari di ricevimento del pubblico<\/li>\n<li>Istruttoria pratiche, valutazione della documentazione presentata sulla conformit\u00e0 delle indicazioni prevista dalla normativa nazionale e regionale vigente<\/li>\n<li>Valutazione dell\u2019appropriatezza prescrittiva<\/li>\n<li>Autorizzazioni o diniego motivato delle richieste<\/li>\n<li>Contatti con i fornitori<\/li>\n<li>Contatti con le strutture ospedaliere per le dimissioni del paziente<\/li>\n<\/ul>\n<p>Per gli ausili ad importante impegno di spesa, <strong>l&#8217;autorizzazione \u00e8 subordinata alla valutazione da parte della Commissione Dispositivi Medici Aziendale\u00a0<\/strong><\/p>\n<p><span style=\"color: #2d519f;\"><strong>Personale<\/strong><\/span><\/p>\n<p><span style=\"text-decoration: underline;\">Amministrativo<\/span><br \/>\nDott.ssa Carmen De Bonis<br \/>\nSig.ra Francesca Di Silvio<br \/>\nDott. Ugo Fabri<br \/>\nSig.ra Giulia Porcelli<\/p>\n<p><span style=\"color: #2d519f;\"><strong>Modalit\u00e0 di <span style=\"color: #2d519f;\">accesso<\/span><\/strong><\/span><\/p>\n<p><span style=\"text-decoration: underline;\">Ricevimento del pubblico per informazioni, presentazioni di istanze di presidi protesici e dispositivi di ventiloterapia<\/span><\/p>\n<p>Marted\u00ec, Mercoled\u00ec e Gioved\u00ec 9:00 &#8211; 12:00<\/p>\n<p>Nei<strong> mesi di luglio <\/strong>e<strong> agosto<\/strong> il <strong>ricevimento del pubblico<\/strong> Marted\u00ec e Mercoled\u00ec 9:00 &#8211; 12:00<\/p>\n<p>Ventiloterapia &#8211; Ufficio 202<br \/>\nTel: 0774 779 709\/ 706<br \/>\nE-mail: ventiloterapia.guidonia@aslroma5.it<\/p>\n<p>Protesi e ausili &#8211; Ufficio 207<br \/>\nTel: 0774 779 741\/ 617<br \/>\nE-mail: assistenzaprotesica.guidonia@aslroma5.it<\/p>\n<p><span style=\"text-decoration: underline;\">Prodotti per l&#8217;assorbenza (Pannoloni e Traverse) Piano Terra &#8211; Stanza 31<\/span><br \/>\nRicevimento del Pubblico, per informazioni e presentazione di prodotti per l&#8217;assorbenza Societ\u00e0 Serenity (con proprio personale specializzato)<br \/>\nLuned\u00ec 14:30 &#8211; 18:30<br \/>\nNumero Verde 800 034 627<br \/>\nE-mail serenity.roma5@ontexglobal.com (consegne)<\/p>\n<p><span style=\"color: #2d519f;\"><strong>Modulistica necessaria<\/strong><\/span><\/p>\n<ul>\n<li>Compilazione modello per istanza presidi (solo in caso di prima istanza)<\/li>\n<li>Prescrizione redatta dallo specialista di struttura pubblica competente per disabilit\u00e0 su modulo standardizzato regionale<\/li>\n<li>Fotocopia del documento di identit\u00e0 in corso di validit\u00e0 e tessera sanitaria (solo in caso di prima istanza)<\/li>\n<li>Fotocopia del verbale di invalidit\u00e0 con indicazione delle patologie (solo in caso di prima istanza o di aggravamento), non necessario per assistiti minorenni o per presidi monouso<\/li>\n<li>In caso di ricorso: sentenza del giudice con allegata relazione del CTU (consulente tecnico di ufficio), non necessario per assistiti minorenni o per presidi monouso<\/li>\n<li>oppure fotocopia della ricevuta di presentazione della domanda per il riconoscimento invalidit\u00e0 civile e del certificato medico necessario per l&#8217;invio della domanda<\/li>\n<li>Eventuale delega con fotocopia di un documento di identit\u00e0 in corso di validit\u00e0 del delegato, (<a href=\"https:\/\/www.aslroma5.it\/wp-content\/uploads\/2022\/03\/assistenza-protesica-delega-generica-marzo2022.pdf\" title=\"Modello Delega\" target=\"_blank\" rel=\"noopener\">modello delega<\/a>)<\/li>\n<li>Preventivo della Sanitaria\/Ortopedia\/Farmacia scelto tra le ditte presenti nell&#8217;elenco regionale consultabile sul sito della regione Lazio<\/li>\n<\/ul>\n<p><span style=\"text-decoration: underline;\">La prescrizione dello specialista di struttura Pubblica deve essere completa dei seguenti dati:<\/span><\/p>\n<ul>\n<li>Diagnosi con la specifica menomazione o disabilit\u00e0<\/li>\n<li>Indicazione del presidio necessario e codice di riferimento<\/li>\n<li>La quantit\u00e0, che per i dispositivi monouso corrisponde al fabbisogno per il periodo intercorrente fino alla successiva visita di controllo comunque non superiori ad un anno<\/li>\n<li>Programma terapeutico: finalit\u00e0 terapeutiche\/riabilitative, tempi di impiego del presidio, modalit\u00e0 di controllo, possibili controindicazioni o limiti di impiego<\/li>\n<\/ul>\n<p><strong>Nota:<\/strong> <span style=\"text-decoration: underline;\">Per i presidi per la stomia<\/span> la prima prescrizione post-intervento non potr\u00e0 superare il fabbisogno di un mese al fine di seguire il processo di maturazione della stomia appena confezionata<\/p>\n<p><span style=\"text-decoration: underline;\">Per i prodotti per l\u2019assorbenza<\/span> nella prescrizione lo specialista deve attestare la condizione di incontinenza stabilizzata e la necessit\u00e0 di ausili per l\u2019incontinenza (pannoloni e traverse)<\/p>\n<p>I piani terapeutici per i prodotti monouso e\u00a0 per la ventiloterapia devono essere rinnovati annualmente dal medico specialista<\/p>\n<p>I rinnovi per gli ausili per l\u2019incontinenza e stomia possono essere effettuati dai Medici di famiglia, pediatri o medici del CAD\u00a0 quando sussitono condizioni stabilizzate e irreversibili<\/p>\n<p><strong>Allegati:<\/strong><\/p>\n<p><a href=\"https:\/\/www.aslroma5.it\/modulistica\/\" title=\"Piani Terapeutici Ausili Per Incontinenti\" title=\"Istanza Presidi Ventiloterapia \u2013 Distretto Di Guidonia\" title=\"Delega Generica\" title=\"Autocertificazione Istanza Presidi\" target=\"_blank\" rel=\"noopener\">Autocertificazione Istanza Presidi<\/a><\/p>\n<p><a href=\"https:\/\/www.aslroma5.it\/modulistica\/\" title=\"Piani Terapeutici Ausili Per Incontinenti\" title=\"Istanza Presidi Ventiloterapia \u2013 Distretto Di Guidonia\" title=\"Delega Generica\" title=\"Autocertificazione Istanza Presidi\" target=\"_blank\" rel=\"noopener\">Delega generica<\/a><\/p>\n<p><a href=\"https:\/\/www.aslroma5.it\/modulistica\/\" title=\"Piani Terapeutici Ausili Per Incontinenti\" title=\"Istanza Presidi Ventiloterapia \u2013 Distretto Di Guidonia\" title=\"Delega Generica\" title=\"Autocertificazione Istanza Presidi\" target=\"_blank\" rel=\"noopener\">Istanza presidi ventiloterapia &#8211; Distretto di Guidonia<\/a><\/p>\n<p><a href=\"https:\/\/www.aslroma5.it\/modulistica\/\" title=\"Piani Terapeutici Ausili Per Incontinenti\" title=\"Istanza Presidi Ventiloterapia \u2013 Distretto Di Guidonia\" title=\"Delega Generica\" title=\"Autocertificazione Istanza Presidi\" target=\"_blank\" rel=\"noopener\">Piani terapeutici Ausili per incontinenti<\/a><\/p>\n<p><a title=\"Modulo Per Prescrizione Ventiloterapia\" href=\"https:\/\/www.aslroma5.it\/modulistica\/\" title=\"Piani Terapeutici Ausili Per Incontinenti\" title=\"Istanza Presidi Ventiloterapia \u2013 Distretto Di Guidonia\" title=\"Delega Generica\" title=\"Autocertificazione Istanza Presidi\" target=\"_blank\" rel=\"noopener\">Modulo per prescrizione ventiloterapia<\/a><\/p>\n<p><a title=\"Modulo Per Materiale Di Consumo Extragara\" href=\"https:\/\/www.aslroma5.it\/modulistica\/\" title=\"Piani Terapeutici Ausili Per Incontinenti\" title=\"Istanza Presidi Ventiloterapia \u2013 Distretto Di Guidonia\" title=\"Delega Generica\" title=\"Autocertificazione Istanza Presidi\" target=\"_blank\" rel=\"noopener\">Modulo per materiale di consumo extragara<\/a><\/p>\n","protected":false},"featured_media":0,"template":"","class_list":["post-57768","strutture","type-strutture","status-publish","hentry","description-off"],"acf":[],"yoast_head":"<!-- This site is optimized with the Yoast SEO plugin v25.5 - https:\/\/yoast.com\/wordpress\/plugins\/seo\/ -->\n<title>U.O.S.D. Assistenza Protesica e Integrativa - ASL ROMA 5<\/title>\n<meta name=\"robots\" content=\"index, follow, max-snippet:-1, max-image-preview:large, max-video-preview:-1\" \/>\n<link rel=\"canonical\" href=\"https:\/\/www.aslroma5.it\/strutture\/uosd-assistenza-protesica-e-integrativa\/\" \/>\n<meta property=\"og:locale\" content=\"it_IT\" \/>\n<meta property=\"og:type\" content=\"article\" \/>\n<meta property=\"og:title\" content=\"U.O.S.D. Assistenza Protesica e Integrativa - ASL ROMA 5\" \/>\n<meta property=\"og:description\" content=\"Descrizione e finalit\u00e0 del servizio: Il SSN garantisce\u00a0 attraverso l\u2019Assistenza Protesica l\u2019erogazione di protesi, ortesi, ausili alle categorie di persone previste dal DPCM 12 gennaio 2017, che definisce i nuovi LEA L\u2019Assistenza protesica \u00e8 strutturata in Servizi a competenza territoriale coincidenti con i sei distretti: Distretto di Colleferro Distretto di Monterotondo Distretto di Palestrina Distretto&hellip;\" \/>\n<meta property=\"og:url\" content=\"https:\/\/www.aslroma5.it\/strutture\/uosd-assistenza-protesica-e-integrativa\/\" \/>\n<meta property=\"og:site_name\" content=\"ASL ROMA 5\" \/>\n<meta property=\"article:modified_time\" content=\"2026-04-23T09:11:34+00:00\" \/>\n<meta name=\"twitter:card\" content=\"summary_large_image\" \/>\n<meta name=\"twitter:label1\" content=\"Tempo di lettura stimato\" \/>\n\t<meta name=\"twitter:data1\" content=\"6 minuti\" \/>\n<script type=\"application\/ld+json\" class=\"yoast-schema-graph\">{\"@context\":\"https:\/\/schema.org\",\"@graph\":[{\"@type\":\"WebPage\",\"@id\":\"https:\/\/www.aslroma5.it\/strutture\/uosd-assistenza-protesica-e-integrativa\/\",\"url\":\"https:\/\/www.aslroma5.it\/strutture\/uosd-assistenza-protesica-e-integrativa\/\",\"name\":\"U.O.S.D. Assistenza Protesica e Integrativa - ASL ROMA 5\",\"isPartOf\":{\"@id\":\"https:\/\/www.aslroma5.it\/#website\"},\"datePublished\":\"2026-04-01T11:32:28+00:00\",\"dateModified\":\"2026-04-23T09:11:34+00:00\",\"breadcrumb\":{\"@id\":\"https:\/\/www.aslroma5.it\/strutture\/uosd-assistenza-protesica-e-integrativa\/#breadcrumb\"},\"inLanguage\":\"it-IT\",\"potentialAction\":[{\"@type\":\"ReadAction\",\"target\":[\"https:\/\/www.aslroma5.it\/strutture\/uosd-assistenza-protesica-e-integrativa\/\"]}]},{\"@type\":\"BreadcrumbList\",\"@id\":\"https:\/\/www.aslroma5.it\/strutture\/uosd-assistenza-protesica-e-integrativa\/#breadcrumb\",\"itemListElement\":[{\"@type\":\"ListItem\",\"position\":1,\"name\":\"Home\",\"item\":\"https:\/\/www.aslroma5.it\/\"},{\"@type\":\"ListItem\",\"position\":2,\"name\":\"U.O.S.D. Assistenza Protesica e Integrativa\"}]},{\"@type\":\"WebSite\",\"@id\":\"https:\/\/www.aslroma5.it\/#website\",\"url\":\"https:\/\/www.aslroma5.it\/\",\"name\":\"ASL ROMA 5\",\"description\":\"\",\"publisher\":{\"@id\":\"https:\/\/www.aslroma5.it\/#organization\"},\"potentialAction\":[{\"@type\":\"SearchAction\",\"target\":{\"@type\":\"EntryPoint\",\"urlTemplate\":\"https:\/\/www.aslroma5.it\/?s={search_term_string}\"},\"query-input\":{\"@type\":\"PropertyValueSpecification\",\"valueRequired\":true,\"valueName\":\"search_term_string\"}}],\"inLanguage\":\"it-IT\"},{\"@type\":\"Organization\",\"@id\":\"https:\/\/www.aslroma5.it\/#organization\",\"name\":\"ASL ROMA 5\",\"url\":\"https:\/\/www.aslroma5.it\/\",\"logo\":{\"@type\":\"ImageObject\",\"inLanguage\":\"it-IT\",\"@id\":\"https:\/\/www.aslroma5.it\/#\/schema\/logo\/image\/\",\"url\":\"https:\/\/www.aslroma5.it\/wp-content\/uploads\/2025\/07\/asl-roma5-logo-25.svg\",\"contentUrl\":\"https:\/\/www.aslroma5.it\/wp-content\/uploads\/2025\/07\/asl-roma5-logo-25.svg\",\"width\":328,\"height\":112,\"caption\":\"ASL ROMA 5\"},\"image\":{\"@id\":\"https:\/\/www.aslroma5.it\/#\/schema\/logo\/image\/\"}}]}<\/script>\n<!-- \/ Yoast SEO plugin. -->","yoast_head_json":{"title":"U.O.S.D. Assistenza Protesica e Integrativa - ASL ROMA 5","robots":{"index":"index","follow":"follow","max-snippet":"max-snippet:-1","max-image-preview":"max-image-preview:large","max-video-preview":"max-video-preview:-1"},"canonical":"https:\/\/www.aslroma5.it\/strutture\/uosd-assistenza-protesica-e-integrativa\/","og_locale":"it_IT","og_type":"article","og_title":"U.O.S.D. Assistenza Protesica e Integrativa - ASL ROMA 5","og_description":"Descrizione e finalit\u00e0 del servizio: Il SSN garantisce\u00a0 attraverso l\u2019Assistenza Protesica l\u2019erogazione di protesi, ortesi, ausili alle categorie di persone previste dal DPCM 12 gennaio 2017, che definisce i nuovi LEA L\u2019Assistenza protesica \u00e8 strutturata in Servizi a competenza territoriale coincidenti con i sei distretti: Distretto di Colleferro Distretto di Monterotondo Distretto di Palestrina Distretto&hellip;","og_url":"https:\/\/www.aslroma5.it\/strutture\/uosd-assistenza-protesica-e-integrativa\/","og_site_name":"ASL ROMA 5","article_modified_time":"2026-04-23T09:11:34+00:00","twitter_card":"summary_large_image","twitter_misc":{"Tempo di lettura stimato":"6 minuti"},"schema":{"@context":"https:\/\/schema.org","@graph":[{"@type":"WebPage","@id":"https:\/\/www.aslroma5.it\/strutture\/uosd-assistenza-protesica-e-integrativa\/","url":"https:\/\/www.aslroma5.it\/strutture\/uosd-assistenza-protesica-e-integrativa\/","name":"U.O.S.D. Assistenza Protesica e Integrativa - ASL ROMA 5","isPartOf":{"@id":"https:\/\/www.aslroma5.it\/#website"},"datePublished":"2026-04-01T11:32:28+00:00","dateModified":"2026-04-23T09:11:34+00:00","breadcrumb":{"@id":"https:\/\/www.aslroma5.it\/strutture\/uosd-assistenza-protesica-e-integrativa\/#breadcrumb"},"inLanguage":"it-IT","potentialAction":[{"@type":"ReadAction","target":["https:\/\/www.aslroma5.it\/strutture\/uosd-assistenza-protesica-e-integrativa\/"]}]},{"@type":"BreadcrumbList","@id":"https:\/\/www.aslroma5.it\/strutture\/uosd-assistenza-protesica-e-integrativa\/#breadcrumb","itemListElement":[{"@type":"ListItem","position":1,"name":"Home","item":"https:\/\/www.aslroma5.it\/"},{"@type":"ListItem","position":2,"name":"U.O.S.D. Assistenza Protesica e Integrativa"}]},{"@type":"WebSite","@id":"https:\/\/www.aslroma5.it\/#website","url":"https:\/\/www.aslroma5.it\/","name":"ASL ROMA 5","description":"","publisher":{"@id":"https:\/\/www.aslroma5.it\/#organization"},"potentialAction":[{"@type":"SearchAction","target":{"@type":"EntryPoint","urlTemplate":"https:\/\/www.aslroma5.it\/?s={search_term_string}"},"query-input":{"@type":"PropertyValueSpecification","valueRequired":true,"valueName":"search_term_string"}}],"inLanguage":"it-IT"},{"@type":"Organization","@id":"https:\/\/www.aslroma5.it\/#organization","name":"ASL ROMA 5","url":"https:\/\/www.aslroma5.it\/","logo":{"@type":"ImageObject","inLanguage":"it-IT","@id":"https:\/\/www.aslroma5.it\/#\/schema\/logo\/image\/","url":"https:\/\/www.aslroma5.it\/wp-content\/uploads\/2025\/07\/asl-roma5-logo-25.svg","contentUrl":"https:\/\/www.aslroma5.it\/wp-content\/uploads\/2025\/07\/asl-roma5-logo-25.svg","width":328,"height":112,"caption":"ASL ROMA 5"},"image":{"@id":"https:\/\/www.aslroma5.it\/#\/schema\/logo\/image\/"}}]}},"publishpress_future_workflow_manual_trigger":{"enabledWorkflows":[]},"_links":{"self":[{"href":"https:\/\/www.aslroma5.it\/api\/wp\/v2\/strutture\/57768","targetHints":{"allow":["GET"]}}],"collection":[{"href":"https:\/\/www.aslroma5.it\/api\/wp\/v2\/strutture"}],"about":[{"href":"https:\/\/www.aslroma5.it\/api\/wp\/v2\/types\/strutture"}],"wp:attachment":[{"href":"https:\/\/www.aslroma5.it\/api\/wp\/v2\/media?parent=57768"}],"curies":[{"name":"wp","href":"https:\/\/api.w.org\/{rel}","templated":true}]}}